{"id":3764,"date":"2026-04-29T10:26:22","date_gmt":"2026-04-29T10:26:22","guid":{"rendered":"https:\/\/racodelacalma.com\/inici\/?page_id=3764"},"modified":"2026-04-30T09:42:57","modified_gmt":"2026-04-30T09:42:57","slug":"blog","status":"publish","type":"page","link":"https:\/\/racodelacalma.com\/inici\/blog\/","title":{"rendered":"Blog"},"content":{"rendered":"\t\t<div data-elementor-type=\"wp-page\" data-elementor-id=\"3764\" class=\"elementor elementor-3764\">\n\t\t\t\t<div class=\"elementor-element elementor-element-yqzwk4q e-flex e-con-boxed e-con e-parent\" data-id=\"yqzwk4q\" data-element_type=\"container\" data-e-type=\"container\" data-settings=\"{&quot;background_background&quot;:&quot;classic&quot;}\">\n\t\t\t\t\t<div class=\"e-con-inner\">\n\t\t<div class=\"elementor-element elementor-element-d21b7e0 e-flex e-con-boxed e-con e-child\" data-id=\"d21b7e0\" data-element_type=\"container\" data-e-type=\"container\">\n\t\t\t\t\t<div class=\"e-con-inner\">\n\t\t\t\t\t<\/div>\n\t\t\t\t<\/div>\n\t\t\t\t\t<\/div>\n\t\t\t\t<\/div>\n\t\t<div class=\"elementor-element elementor-element-69716c8 e-flex e-con-boxed e-con e-parent\" data-id=\"69716c8\" data-element_type=\"container\" data-e-type=\"container\">\n\t\t\t\t\t<div class=\"e-con-inner\">\n\t\t\t\t<div class=\"elementor-element elementor-element-e0f0ccc hfe-search-layout-icon_text elementor-widget__width-initial elementor-widget elementor-widget-hfe-search-button\" data-id=\"e0f0ccc\" data-element_type=\"widget\" data-e-type=\"widget\" data-settings=\"{&quot;size&quot;:{&quot;unit&quot;:&quot;px&quot;,&quot;size&quot;:32,&quot;sizes&quot;:[]},&quot;size_tablet&quot;:{&quot;unit&quot;:&quot;px&quot;,&quot;size&quot;:&quot;&quot;,&quot;sizes&quot;:[]},&quot;size_mobile&quot;:{&quot;unit&quot;:&quot;px&quot;,&quot;size&quot;:&quot;&quot;,&quot;sizes&quot;:[]},&quot;icon_size&quot;:{&quot;unit&quot;:&quot;px&quot;,&quot;size&quot;:&quot;16&quot;,&quot;sizes&quot;:[]},&quot;icon_size_tablet&quot;:{&quot;unit&quot;:&quot;px&quot;,&quot;size&quot;:&quot;&quot;,&quot;sizes&quot;:[]},&quot;icon_size_mobile&quot;:{&quot;unit&quot;:&quot;px&quot;,&quot;size&quot;:&quot;&quot;,&quot;sizes&quot;:[]},&quot;button_width&quot;:{&quot;unit&quot;:&quot;px&quot;,&quot;size&quot;:&quot;&quot;,&quot;sizes&quot;:[]},&quot;button_width_tablet&quot;:{&quot;unit&quot;:&quot;px&quot;,&quot;size&quot;:&quot;&quot;,&quot;sizes&quot;:[]},&quot;button_width_mobile&quot;:{&quot;unit&quot;:&quot;px&quot;,&quot;size&quot;:&quot;&quot;,&quot;sizes&quot;:[]},&quot;close_icon_size&quot;:{&quot;unit&quot;:&quot;px&quot;,&quot;size&quot;:&quot;20&quot;,&quot;sizes&quot;:[]},&quot;close_icon_size_tablet&quot;:{&quot;unit&quot;:&quot;px&quot;,&quot;size&quot;:&quot;&quot;,&quot;sizes&quot;:[]},&quot;close_icon_size_mobile&quot;:{&quot;unit&quot;:&quot;px&quot;,&quot;size&quot;:&quot;&quot;,&quot;sizes&quot;:[]}}\" data-widget_type=\"hfe-search-button.default\">\n\t\t\t\t<div class=\"elementor-widget-container\">\n\t\t\t\t\t\t\t<form class=\"hfe-search-button-wrapper\" role=\"search\" action=\"https:\/\/racodelacalma.com\/inici\/\" method=\"get\">\n\n\t\t\t\t\t\t<div class=\"hfe-search-form__container\" role=\"tablist\">\n\t\t\t\t\t\t\t\t\t<input placeholder=\"Type &amp; Hit Enter...\" class=\"hfe-search-form__input\" type=\"search\" name=\"s\" title=\"Search\" value=\"\">\n\t\t\t\t\t<button id=\"clear-with-button\" type=\"reset\">\n\t\t\t\t\t\t<i class=\"fas fa-times\" aria-hidden=\"true\"><\/i>\n\t\t\t\t\t<\/button>\n\t\t\t\t\t<button class=\"hfe-search-submit\" type=\"submit\">\n\t\t\t\t\t\t<i class=\"fas fa-search\" aria-hidden=\"true\"><\/i>\n\t\t\t\t\t<\/button>\n\t\t\t\t\t\t\t<\/div>\n\t\t\t\t<\/form>\n\t\t\t\t\t\t<\/div>\n\t\t\t\t<\/div>\n\t\t\t\t\t<\/div>\n\t\t\t\t<\/div>\n\t\t<div class=\"elementor-element elementor-element-sfre0u2 e-flex e-con-boxed e-con e-parent\" data-id=\"sfre0u2\" data-element_type=\"container\" data-e-type=\"container\">\n\t\t\t\t\t<div class=\"e-con-inner\">\n\t\t<div class=\"elementor-element elementor-element-7dbc6fb e-con-full e-flex e-con e-child\" data-id=\"7dbc6fb\" data-element_type=\"container\" data-e-type=\"container\">\n\t\t\t\t<div class=\"elementor-element elementor-element-6658dc9 elementor-widget elementor-widget-heading\" data-id=\"6658dc9\" data-element_type=\"widget\" data-e-type=\"widget\" data-settings=\"{&quot;_animation&quot;:&quot;none&quot;}\" data-widget_type=\"heading.default\">\n\t\t\t\t<div class=\"elementor-widget-container\">\n\t\t\t\t\t<h1 class=\"elementor-heading-title elementor-size-default\">Un espai per comprendre i acompanyar amb consci\u00e8ncia<\/h1>\t\t\t\t<\/div>\n\t\t\t\t<\/div>\n\t\t\t\t<div class=\"elementor-element elementor-element-e9a8c1e elementor-widget elementor-widget-image\" data-id=\"e9a8c1e\" data-element_type=\"widget\" data-e-type=\"widget\" data-widget_type=\"image.default\">\n\t\t\t\t<div class=\"elementor-widget-container\">\n\t\t\t\t\t\t\t\t\t\t\t\t\t\t\t<img fetchpriority=\"high\" decoding=\"async\" width=\"1280\" height=\"854\" src=\"https:\/\/racodelacalma.com\/wp-content\/uploads\/2025\/05\/g9dd1bd164a053eeea5b687e940961e95834bb6e5da5ee29a285ccffcb0388b6fcbfbbda397b1dafab35b7cf1a7d8e48e4eb35fe310daf0fe53d11b6f36459aeb_1280-4752642.jpg\" class=\"attachment-full size-full wp-image-3437\" alt=\"hand, heart, draw, write, pavement, hand, heart, heart, heart, heart, heart\" srcset=\"https:\/\/racodelacalma.com\/wp-content\/uploads\/2025\/05\/g9dd1bd164a053eeea5b687e940961e95834bb6e5da5ee29a285ccffcb0388b6fcbfbbda397b1dafab35b7cf1a7d8e48e4eb35fe310daf0fe53d11b6f36459aeb_1280-4752642.jpg 1280w, https:\/\/racodelacalma.com\/wp-content\/uploads\/2025\/05\/g9dd1bd164a053eeea5b687e940961e95834bb6e5da5ee29a285ccffcb0388b6fcbfbbda397b1dafab35b7cf1a7d8e48e4eb35fe310daf0fe53d11b6f36459aeb_1280-4752642-300x200.jpg 300w, https:\/\/racodelacalma.com\/wp-content\/uploads\/2025\/05\/g9dd1bd164a053eeea5b687e940961e95834bb6e5da5ee29a285ccffcb0388b6fcbfbbda397b1dafab35b7cf1a7d8e48e4eb35fe310daf0fe53d11b6f36459aeb_1280-4752642-1024x683.jpg 1024w, https:\/\/racodelacalma.com\/wp-content\/uploads\/2025\/05\/g9dd1bd164a053eeea5b687e940961e95834bb6e5da5ee29a285ccffcb0388b6fcbfbbda397b1dafab35b7cf1a7d8e48e4eb35fe310daf0fe53d11b6f36459aeb_1280-4752642-768x512.jpg 768w, https:\/\/racodelacalma.com\/wp-content\/uploads\/2025\/05\/g9dd1bd164a053eeea5b687e940961e95834bb6e5da5ee29a285ccffcb0388b6fcbfbbda397b1dafab35b7cf1a7d8e48e4eb35fe310daf0fe53d11b6f36459aeb_1280-4752642-600x400.jpg 600w\" sizes=\"(max-width: 1280px) 100vw, 1280px\" \/>\t\t\t\t\t\t\t\t\t\t\t\t\t\t\t<\/div>\n\t\t\t\t<\/div>\n\t\t<div class=\"elementor-element elementor-element-51b695b e-flex e-con-boxed e-con e-child\" data-id=\"51b695b\" data-element_type=\"container\" data-e-type=\"container\">\n\t\t\t\t\t<div class=\"e-con-inner\">\n\t\t\t\t<div class=\"elementor-element elementor-element-82bd3fc elementor-widget elementor-widget-text-editor\" data-id=\"82bd3fc\" data-element_type=\"widget\" data-e-type=\"widget\" data-widget_type=\"text-editor.default\">\n\t\t\t\t<div class=\"elementor-widget-container\">\n\t\t\t\t\t\t\t\t\t<p data-start=\"197\" data-end=\"338\">El blog de <em data-start=\"208\" data-end=\"226\">Rac\u00f3 de la Calma<\/em> neix com un espai de reflexi\u00f3 i aprenentatge compartit al voltant de l\u2019educaci\u00f3 emocional i la neurodiversitat.\u00a0<span style=\"font-style: inherit; font-weight: inherit; letter-spacing: -0.9px;\">Aqu\u00ed trobar\u00e0s articles pensats per a <\/span><strong style=\"font-style: inherit; letter-spacing: -0.9px;\" data-start=\"377\" data-end=\"428\">docents, professionals de l\u2019educaci\u00f3 i fam\u00edlies<\/strong><span style=\"font-style: inherit; font-weight: inherit; letter-spacing: -0.9px;\"> que volen aprofundir en la comprensi\u00f3 dels infants: el seu m\u00f3n emocional, les seves necessitats sensorials i les diferents maneres de sentir, pensar i aprendre.<\/span><\/p>\n<p data-start=\"197\" data-end=\"338\"><span style=\"font-style: inherit; font-weight: inherit; letter-spacing: -0.9px;\">\u00a0<\/span><\/p>\n<p data-start=\"591\" data-end=\"784\">Des d\u2019una <strong data-start=\"601\" data-end=\"627\">mirada neuroafirmativa<\/strong>, aquest espai vol oferir paraules que ajudin a posar nom al que sovint intu\u00efm, aix\u00ed com idees pr\u00e0ctiques per acompanyar amb m\u00e9s calma, pres\u00e8ncia i respecte.\u00a0<span style=\"font-style: inherit; font-weight: inherit; letter-spacing: -0.9px;\">Els continguts es basen en <\/span><strong style=\"font-style: inherit; letter-spacing: -0.9px;\" data-start=\"813\" data-end=\"853\">coneixement actualitzat i fonamentat<\/strong><span style=\"font-style: inherit; font-weight: inherit; letter-spacing: -0.9px;\">, integrant aportacions de la neuroci\u00e8ncia cognitiva aplicada a l\u2019educaci\u00f3 (neuroeducaci\u00f3), la psicologia i les ci\u00e8ncies de l\u2019educaci\u00f3, per oferir una mirada rigorosa i alhora propera.<\/span><\/p>\n<p data-start=\"591\" data-end=\"784\"><span style=\"font-style: inherit; font-weight: inherit; letter-spacing: -0.9px;\">\u00a0<\/span><\/p>\n<p data-start=\"1039\" data-end=\"1132\">Un lloc per aturar-se, repensar i reconnectar amb una manera d\u2019educar m\u00e9s conscient i humana.<\/p>\t\t\t\t\t\t\t\t<\/div>\n\t\t\t\t<\/div>\n\t\t\t\t\t<\/div>\n\t\t\t\t<\/div>\n\t\t\t\t<\/div>\n\t\t\t\t\t<\/div>\n\t\t\t\t<\/div>\n\t\t\t\t<section class=\"elementor-section elementor-top-section elementor-element elementor-element-cumig6c elementor-section-content-middle elementor-reverse-mobile elementor-section-boxed elementor-section-height-default elementor-section-height-default\" data-id=\"cumig6c\" data-element_type=\"section\" data-e-type=\"section\" data-settings=\"{&quot;background_background&quot;:&quot;classic&quot;}\">\n\t\t\t\t\t\t\t<div class=\"elementor-background-overlay\"><\/div>\n\t\t\t\t\t\t\t<div class=\"elementor-container elementor-column-gap-no\">\n\t\t\t\t\t<div class=\"elementor-column elementor-col-50 elementor-top-column elementor-element elementor-element-b0b74d8\" data-id=\"b0b74d8\" data-element_type=\"column\" data-e-type=\"column\">\n\t\t\t<div class=\"elementor-widget-wrap elementor-element-populated\">\n\t\t\t\t\t\t<div class=\"elementor-element elementor-element-bfed4c6 elementor-widget elementor-widget-heading\" data-id=\"bfed4c6\" data-element_type=\"widget\" data-e-type=\"widget\" data-widget_type=\"heading.default\">\n\t\t\t\t<div class=\"elementor-widget-container\">\n\t\t\t\t\t<h2 class=\"elementor-heading-title elementor-size-default\">Articles<\/h2>\t\t\t\t<\/div>\n\t\t\t\t<\/div>\n\t\t\t\t<div class=\"elementor-element elementor-element-327f367 elementor-widget elementor-widget-text-editor\" data-id=\"327f367\" data-element_type=\"widget\" data-e-type=\"widget\" data-widget_type=\"text-editor.default\">\n\t\t\t\t<div class=\"elementor-widget-container\">\n\t\t\t\t\t\t\t\t\t<h4 class=\"elementor-heading-title elementor-size-default elementor-inline-editing pen\" contenteditable=\"true\" data-elementor-setting-key=\"title\" data-pen-placeholder=\"Escriviu aqu\u00ed...\">Ens acompanyes en la construcci\u00f3 d&#8217;una mirada que compr\u00e8n i respecta cada infant tal com \u00e9s?\u200b<\/h4>\t\t\t\t\t\t\t\t<\/div>\n\t\t\t\t<\/div>\n\t\t\t\t\t<\/div>\n\t\t<\/div>\n\t\t\t\t<div class=\"elementor-column elementor-col-50 elementor-top-column elementor-element elementor-element-51962fb\" data-id=\"51962fb\" data-element_type=\"column\" data-e-type=\"column\" data-settings=\"{&quot;background_background&quot;:&quot;classic&quot;}\">\n\t\t\t<div class=\"elementor-widget-wrap elementor-element-populated\">\n\t\t\t\t\t\t<div class=\"elementor-element elementor-element-6315460 elementor-widget elementor-widget-image\" data-id=\"6315460\" data-element_type=\"widget\" data-e-type=\"widget\" data-widget_type=\"image.default\">\n\t\t\t\t<div class=\"elementor-widget-container\">\n\t\t\t\t\t\t\t\t\t\t\t\t\t\t\t<img decoding=\"async\" width=\"300\" height=\"300\" src=\"https:\/\/racodelacalma.com\/wp-content\/uploads\/2024\/08\/service-thumb-1.jpg\" class=\"attachment-full size-full wp-image-3183\" alt=\"\" srcset=\"https:\/\/racodelacalma.com\/wp-content\/uploads\/2024\/08\/service-thumb-1.jpg 300w, https:\/\/racodelacalma.com\/wp-content\/uploads\/2024\/08\/service-thumb-1-150x150.jpg 150w, https:\/\/racodelacalma.com\/wp-content\/uploads\/2024\/08\/service-thumb-1-100x100.jpg 100w\" sizes=\"(max-width: 300px) 100vw, 300px\" \/>\t\t\t\t\t\t\t\t\t\t\t\t\t\t\t<\/div>\n\t\t\t\t<\/div>\n\t\t\t\t\t<\/div>\n\t\t<\/div>\n\t\t\t\t\t<\/div>\n\t\t<\/section>\n\t\t<div class=\"elementor-element elementor-element-dbadda7 e-flex e-con-boxed e-con e-parent\" data-id=\"dbadda7\" data-element_type=\"container\" data-e-type=\"container\">\n\t\t\t\t\t<div class=\"e-con-inner\">\n\t\t\t\t<div class=\"elementor-element elementor-element-29952c3 elementor-widget elementor-widget-hfe-basic-posts\" data-id=\"29952c3\" data-element_type=\"widget\" data-e-type=\"widget\" data-widget_type=\"hfe-basic-posts.default\">\n\t\t\t\t<div class=\"elementor-widget-container\">\n\t\t\t\t\t\n<div class=\"hfe-posts-grid\">\n\t\t\t<article class=\"hfe-post-card\">\n\t\t\t\n\t\t\t<div class=\"hfe-post-content\">\n\t\t\t\t\t\t\t\t\t<h3 class=\"hfe-post-title\">\n\t\t\t\t\t\t<a href=\"https:\/\/racodelacalma.com\/inici\/sentir-per-creixer\/\" rel=\"bookmark\">\n\t\t\t\t\t\t\tSentir per cr\u00e9ixer: educaci\u00f3 emocional conscient\t\t\t\t\t\t<\/a>\n\t\t\t\t\t<\/h3>\n\t\t\t\t\n\t\t\t\t\t\t\t\t\t<div class=\"hfe-post-meta\">\n\t\t\t\t\t\t<span class=\"hfe-post-date\">29 d&#039;abril de 2026<\/span><span class=\"hfe-meta-separator\"> | <\/span><span class=\"hfe-post-author\">by admin<\/span>\t\t\t\t\t<\/div>\n\t\t\t\t\n\t\t\t\t\t\t\t\t\t<div class=\"hfe-post-excerpt\">\n\t\t\t\t\t\tSentir per cr\u00e8ixer: Educaci\u00f3 emocional conscient Hem apr\u00e8s que hi ha emocions &#8220;bones&#8221; i &#8220;dolentes&#8221; &#8230; per\u00f2 qu\u00e8 passa quan...\t\t\t\t\t<\/div>\n\t\t\t\t\n\t\t\t\t\t\t\t\t\t<a href=\"https:\/\/racodelacalma.com\/inici\/sentir-per-creixer\/\" class=\"hfe-read-more\" rel=\"bookmark\">\n\t\t\t\t\t\tRead More \u2192\t\t\t\t\t<\/a>\n\t\t\t\t\t\t\t<\/div>\n\t\t<\/article>\n\t\t\t\t<article class=\"hfe-post-card\">\n\t\t\t\n\t\t\t<div class=\"hfe-post-content\">\n\t\t\t\t\t\t\t\t\t<h3 class=\"hfe-post-title\">\n\t\t\t\t\t\t<a href=\"https:\/\/racodelacalma.com\/inici\/educacio-emocional-collapses\/\" rel=\"bookmark\">\n\t\t\t\t\t\t\tEducaci\u00f3 emocional: acompanyar rebequeries i col\u00b7lapses\t\t\t\t\t\t<\/a>\n\t\t\t\t\t<\/h3>\n\t\t\t\t\n\t\t\t\t\t\t\t\t\t<div class=\"hfe-post-meta\">\n\t\t\t\t\t\t<span class=\"hfe-post-date\">29 d&#039;abril de 2026<\/span><span class=\"hfe-meta-separator\"> | <\/span><span class=\"hfe-post-author\">by admin<\/span>\t\t\t\t\t<\/div>\n\t\t\t\t\n\t\t\t\t\t\t\t\t\t<div class=\"hfe-post-excerpt\">\n\t\t\t\t\t\tEducaci\u00f3 emocional: com acompanyar &#8220;rebequeries&#8221;, col\u00b7lapses i emocions intenses Les emocions no s\u00f3n bones ni dolentes: s\u00f3n informaci\u00f3 L\u2019educaci\u00f3 emocional...\t\t\t\t\t<\/div>\n\t\t\t\t\n\t\t\t\t\t\t\t\t\t<a href=\"https:\/\/racodelacalma.com\/inici\/educacio-emocional-collapses\/\" class=\"hfe-read-more\" rel=\"bookmark\">\n\t\t\t\t\t\tRead More \u2192\t\t\t\t\t<\/a>\n\t\t\t\t\t\t\t<\/div>\n\t\t<\/article>\n\t\t<\/div>\n\t\t\t\t<\/div>\n\t\t\t\t<\/div>\n\t\t\t\t\t<\/div>\n\t\t\t\t<\/div>\n\t\t\t\t<\/div>\n\t\t","protected":false},"excerpt":{"rendered":"<p>Un espai per comprendre i acompanyar amb consci\u00e8ncia El blog de Rac\u00f3 de la Calma neix com un espai de reflexi\u00f3 i aprenentatge compartit al voltant de l\u2019educaci\u00f3 emocional i la neurodiversitat.\u00a0Aqu\u00ed trobar\u00e0s articles pensats per a docents, professionals de l\u2019educaci\u00f3 i fam\u00edlies que volen aprofundir en la comprensi\u00f3 dels infants: el seu m\u00f3n emocional, [&hellip;]<\/p>\n","protected":false},"author":1,"featured_media":0,"parent":0,"menu_order":0,"comment_status":"closed","ping_status":"closed","template":"","meta":{"site-sidebar-layout":"no-sidebar","site-content-layout":"page-builder","ast-site-content-layout":"full-width-container","site-content-style":"default","site-sidebar-style":"default","ast-global-header-display":"","ast-banner-title-visibility":"","ast-main-header-display":"","ast-hfb-above-header-display":"","ast-hfb-below-header-display":"","ast-hfb-mobile-header-display":"","site-post-title":"","ast-breadcrumbs-content":"","ast-featured-img":"disabled","footer-sml-layout":"","ast-disable-related-posts":"","theme-transparent-header-meta":"","adv-header-id-meta":"","stick-header-meta":"","header-above-stick-meta":"","header-main-stick-meta":"","header-below-stick-meta":"","astra-migrate-meta-layouts":"default","ast-page-background-enabled":"default","ast-page-background-meta":{"desktop":{"background-color":"var(--ast-global-color-4)","background-image":"","background-repeat":"repeat","background-position":"center center","background-size":"auto","background-attachment":"scroll","background-type":"","background-media":"","overlay-type":"","overlay-color":"","overlay-opacity":"","overlay-gradient":""},"tablet":{"background-color":"","background-image":"","background-repeat":"repeat","background-position":"center center","background-size":"auto","background-attachment":"scroll","background-type":"","background-media":"","overlay-type":"","overlay-color":"","overlay-opacity":"","overlay-gradient":""},"mobile":{"background-color":"","background-image":"","background-repeat":"repeat","background-position":"center center","background-size":"auto","background-attachment":"scroll","background-type":"","background-media":"","overlay-type":"","overlay-color":"","overlay-opacity":"","overlay-gradient":""}},"ast-content-background-meta":{"desktop":{"background-color":"var(--ast-global-color-5)","background-image":"","background-repeat":"repeat","background-position":"center center","background-size":"auto","background-attachment":"scroll","background-type":"","background-media":"","overlay-type":"","overlay-color":"","overlay-opacity":"","overlay-gradient":""},"tablet":{"background-color":"var(--ast-global-color-5)","background-image":"","background-repeat":"repeat","background-position":"center center","background-size":"auto","background-attachment":"scroll","background-type":"","background-media":"","overlay-type":"","overlay-color":"","overlay-opacity":"","overlay-gradient":""},"mobile":{"background-color":"var(--ast-global-color-5)","background-image":"","background-repeat":"repeat","background-position":"center center","background-size":"auto","background-attachment":"scroll","background-type":"","background-media":"","overlay-type":"","overlay-color":"","overlay-opacity":"","overlay-gradient":""}},"footnotes":""},"class_list":["post-3764","page","type-page","status-publish","hentry"],"yoast_head":"<!-- This site is optimized with the Yoast SEO plugin v27.5 - https:\/\/yoast.com\/product\/yoast-seo-wordpress\/ -->\n<title>Blog - Rac\u00f3 de la calma<\/title>\n<meta name=\"robots\" content=\"index, follow, max-snippet:-1, max-image-preview:large, max-video-preview:-1\" \/>\n<link rel=\"canonical\" href=\"https:\/\/racodelacalma.com\/inici\/blog\/\" \/>\n<meta property=\"og:locale\" content=\"ca_ES\" \/>\n<meta property=\"og:type\" content=\"article\" \/>\n<meta property=\"og:title\" content=\"Blog - Rac\u00f3 de la calma\" \/>\n<meta property=\"og:description\" content=\"Un espai per comprendre i acompanyar amb consci\u00e8ncia El blog de Rac\u00f3 de la Calma neix com un espai de reflexi\u00f3 i aprenentatge compartit al voltant de l\u2019educaci\u00f3 emocional i la neurodiversitat.\u00a0Aqu\u00ed trobar\u00e0s articles pensats per a docents, professionals de l\u2019educaci\u00f3 i fam\u00edlies que volen aprofundir en la comprensi\u00f3 dels infants: el seu m\u00f3n emocional, [&hellip;]\" \/>\n<meta property=\"og:url\" content=\"https:\/\/racodelacalma.com\/inici\/blog\/\" \/>\n<meta property=\"og:site_name\" content=\"Rac\u00f3 de la calma\" \/>\n<meta property=\"article:modified_time\" content=\"2026-04-30T09:42:57+00:00\" \/>\n<meta property=\"og:image\" content=\"https:\/\/racodelacalma.com\/wp-content\/uploads\/2025\/05\/g9dd1bd164a053eeea5b687e940961e95834bb6e5da5ee29a285ccffcb0388b6fcbfbbda397b1dafab35b7cf1a7d8e48e4eb35fe310daf0fe53d11b6f36459aeb_1280-4752642.jpg\" \/>\n\t<meta property=\"og:image:width\" content=\"1280\" \/>\n\t<meta property=\"og:image:height\" content=\"854\" \/>\n\t<meta property=\"og:image:type\" content=\"image\/jpeg\" \/>\n<meta name=\"twitter:card\" content=\"summary_large_image\" \/>\n<meta name=\"twitter:label1\" content=\"Temps estimat de lectura\" \/>\n\t<meta name=\"twitter:data1\" content=\"2 minuts\" \/>\n<script type=\"application\/ld+json\" class=\"yoast-schema-graph\">{\"@context\":\"https:\\\/\\\/schema.org\",\"@graph\":[{\"@type\":\"WebPage\",\"@id\":\"https:\\\/\\\/racodelacalma.com\\\/inici\\\/blog\\\/\",\"url\":\"https:\\\/\\\/racodelacalma.com\\\/inici\\\/blog\\\/\",\"name\":\"Blog - Rac\u00f3 de la calma\",\"isPartOf\":{\"@id\":\"https:\\\/\\\/racodelacalma.com\\\/inici\\\/#website\"},\"primaryImageOfPage\":{\"@id\":\"https:\\\/\\\/racodelacalma.com\\\/inici\\\/blog\\\/#primaryimage\"},\"image\":{\"@id\":\"https:\\\/\\\/racodelacalma.com\\\/inici\\\/blog\\\/#primaryimage\"},\"thumbnailUrl\":\"https:\\\/\\\/racodelacalma.com\\\/wp-content\\\/uploads\\\/2025\\\/05\\\/g9dd1bd164a053eeea5b687e940961e95834bb6e5da5ee29a285ccffcb0388b6fcbfbbda397b1dafab35b7cf1a7d8e48e4eb35fe310daf0fe53d11b6f36459aeb_1280-4752642.jpg\",\"datePublished\":\"2026-04-29T10:26:22+00:00\",\"dateModified\":\"2026-04-30T09:42:57+00:00\",\"breadcrumb\":{\"@id\":\"https:\\\/\\\/racodelacalma.com\\\/inici\\\/blog\\\/#breadcrumb\"},\"inLanguage\":\"ca\",\"potentialAction\":[{\"@type\":\"ReadAction\",\"target\":[\"https:\\\/\\\/racodelacalma.com\\\/inici\\\/blog\\\/\"]}]},{\"@type\":\"ImageObject\",\"inLanguage\":\"ca\",\"@id\":\"https:\\\/\\\/racodelacalma.com\\\/inici\\\/blog\\\/#primaryimage\",\"url\":\"https:\\\/\\\/racodelacalma.com\\\/wp-content\\\/uploads\\\/2025\\\/05\\\/g9dd1bd164a053eeea5b687e940961e95834bb6e5da5ee29a285ccffcb0388b6fcbfbbda397b1dafab35b7cf1a7d8e48e4eb35fe310daf0fe53d11b6f36459aeb_1280-4752642.jpg\",\"contentUrl\":\"https:\\\/\\\/racodelacalma.com\\\/wp-content\\\/uploads\\\/2025\\\/05\\\/g9dd1bd164a053eeea5b687e940961e95834bb6e5da5ee29a285ccffcb0388b6fcbfbbda397b1dafab35b7cf1a7d8e48e4eb35fe310daf0fe53d11b6f36459aeb_1280-4752642.jpg\"},{\"@type\":\"BreadcrumbList\",\"@id\":\"https:\\\/\\\/racodelacalma.com\\\/inici\\\/blog\\\/#breadcrumb\",\"itemListElement\":[{\"@type\":\"ListItem\",\"position\":1,\"name\":\"Home\",\"item\":\"https:\\\/\\\/racodelacalma.com\\\/inici\\\/\"},{\"@type\":\"ListItem\",\"position\":2,\"name\":\"Blog\"}]},{\"@type\":\"WebSite\",\"@id\":\"https:\\\/\\\/racodelacalma.com\\\/inici\\\/#website\",\"url\":\"https:\\\/\\\/racodelacalma.com\\\/inici\\\/\",\"name\":\"Rac\u00f3 de la calma\",\"description\":\"Un espai per reflexionar sobre educaci\u00f3 inclusiva i on trobar\u00e0s materials, jocs, idees per treballar des d&#039;infantil a secund\u00e0ria... I molt m\u00e9s!\",\"publisher\":{\"@id\":\"https:\\\/\\\/racodelacalma.com\\\/inici\\\/#\\\/schema\\\/person\\\/c2b2f8c57428e873bc2e91f3d6c0abd2\"},\"alternateName\":\"racodelacalma\",\"potentialAction\":[{\"@type\":\"SearchAction\",\"target\":{\"@type\":\"EntryPoint\",\"urlTemplate\":\"https:\\\/\\\/racodelacalma.com\\\/inici\\\/?s={search_term_string}\"},\"query-input\":{\"@type\":\"PropertyValueSpecification\",\"valueRequired\":true,\"valueName\":\"search_term_string\"}}],\"inLanguage\":\"ca\"},{\"@type\":[\"Person\",\"Organization\"],\"@id\":\"https:\\\/\\\/racodelacalma.com\\\/inici\\\/#\\\/schema\\\/person\\\/c2b2f8c57428e873bc2e91f3d6c0abd2\",\"name\":\"admin\",\"image\":{\"@type\":\"ImageObject\",\"inLanguage\":\"ca\",\"@id\":\"https:\\\/\\\/racodelacalma.com\\\/wp-content\\\/uploads\\\/2026\\\/04\\\/Diseno-sin-titulo.png\",\"url\":\"https:\\\/\\\/racodelacalma.com\\\/wp-content\\\/uploads\\\/2026\\\/04\\\/Diseno-sin-titulo.png\",\"contentUrl\":\"https:\\\/\\\/racodelacalma.com\\\/wp-content\\\/uploads\\\/2026\\\/04\\\/Diseno-sin-titulo.png\",\"width\":1536,\"height\":1024,\"caption\":\"admin\"},\"logo\":{\"@id\":\"https:\\\/\\\/racodelacalma.com\\\/wp-content\\\/uploads\\\/2026\\\/04\\\/Diseno-sin-titulo.png\"},\"sameAs\":[\"https:\\\/\\\/racodelacalma.com\",\"https:\\\/\\\/es.pinterest.com\\\/racodelacalma10\\\/\",\"https:\\\/\\\/www.youtube.com\\\/@racodelacalma\"]}]}<\/script>\n<!-- \/ Yoast SEO plugin. -->","yoast_head_json":{"title":"Blog - Rac\u00f3 de la calma","robots":{"index":"index","follow":"follow","max-snippet":"max-snippet:-1","max-image-preview":"max-image-preview:large","max-video-preview":"max-video-preview:-1"},"canonical":"https:\/\/racodelacalma.com\/inici\/blog\/","og_locale":"ca_ES","og_type":"article","og_title":"Blog - Rac\u00f3 de la calma","og_description":"Un espai per comprendre i acompanyar amb consci\u00e8ncia El blog de Rac\u00f3 de la Calma neix com un espai de reflexi\u00f3 i aprenentatge compartit al voltant de l\u2019educaci\u00f3 emocional i la neurodiversitat.\u00a0Aqu\u00ed trobar\u00e0s articles pensats per a docents, professionals de l\u2019educaci\u00f3 i fam\u00edlies que volen aprofundir en la comprensi\u00f3 dels infants: el seu m\u00f3n emocional, [&hellip;]","og_url":"https:\/\/racodelacalma.com\/inici\/blog\/","og_site_name":"Rac\u00f3 de la calma","article_modified_time":"2026-04-30T09:42:57+00:00","og_image":[{"width":1280,"height":854,"url":"https:\/\/racodelacalma.com\/wp-content\/uploads\/2025\/05\/g9dd1bd164a053eeea5b687e940961e95834bb6e5da5ee29a285ccffcb0388b6fcbfbbda397b1dafab35b7cf1a7d8e48e4eb35fe310daf0fe53d11b6f36459aeb_1280-4752642.jpg","type":"image\/jpeg"}],"twitter_card":"summary_large_image","twitter_misc":{"Temps estimat de lectura":"2 minuts"},"schema":{"@context":"https:\/\/schema.org","@graph":[{"@type":"WebPage","@id":"https:\/\/racodelacalma.com\/inici\/blog\/","url":"https:\/\/racodelacalma.com\/inici\/blog\/","name":"Blog - Rac\u00f3 de la calma","isPartOf":{"@id":"https:\/\/racodelacalma.com\/inici\/#website"},"primaryImageOfPage":{"@id":"https:\/\/racodelacalma.com\/inici\/blog\/#primaryimage"},"image":{"@id":"https:\/\/racodelacalma.com\/inici\/blog\/#primaryimage"},"thumbnailUrl":"https:\/\/racodelacalma.com\/wp-content\/uploads\/2025\/05\/g9dd1bd164a053eeea5b687e940961e95834bb6e5da5ee29a285ccffcb0388b6fcbfbbda397b1dafab35b7cf1a7d8e48e4eb35fe310daf0fe53d11b6f36459aeb_1280-4752642.jpg","datePublished":"2026-04-29T10:26:22+00:00","dateModified":"2026-04-30T09:42:57+00:00","breadcrumb":{"@id":"https:\/\/racodelacalma.com\/inici\/blog\/#breadcrumb"},"inLanguage":"ca","potentialAction":[{"@type":"ReadAction","target":["https:\/\/racodelacalma.com\/inici\/blog\/"]}]},{"@type":"ImageObject","inLanguage":"ca","@id":"https:\/\/racodelacalma.com\/inici\/blog\/#primaryimage","url":"https:\/\/racodelacalma.com\/wp-content\/uploads\/2025\/05\/g9dd1bd164a053eeea5b687e940961e95834bb6e5da5ee29a285ccffcb0388b6fcbfbbda397b1dafab35b7cf1a7d8e48e4eb35fe310daf0fe53d11b6f36459aeb_1280-4752642.jpg","contentUrl":"https:\/\/racodelacalma.com\/wp-content\/uploads\/2025\/05\/g9dd1bd164a053eeea5b687e940961e95834bb6e5da5ee29a285ccffcb0388b6fcbfbbda397b1dafab35b7cf1a7d8e48e4eb35fe310daf0fe53d11b6f36459aeb_1280-4752642.jpg"},{"@type":"BreadcrumbList","@id":"https:\/\/racodelacalma.com\/inici\/blog\/#breadcrumb","itemListElement":[{"@type":"ListItem","position":1,"name":"Home","item":"https:\/\/racodelacalma.com\/inici\/"},{"@type":"ListItem","position":2,"name":"Blog"}]},{"@type":"WebSite","@id":"https:\/\/racodelacalma.com\/inici\/#website","url":"https:\/\/racodelacalma.com\/inici\/","name":"Rac\u00f3 de la calma","description":"Un espai per reflexionar sobre educaci\u00f3 inclusiva i on trobar\u00e0s materials, jocs, idees per treballar des d&#039;infantil a secund\u00e0ria... I molt m\u00e9s!","publisher":{"@id":"https:\/\/racodelacalma.com\/inici\/#\/schema\/person\/c2b2f8c57428e873bc2e91f3d6c0abd2"},"alternateName":"racodelacalma","potentialAction":[{"@type":"SearchAction","target":{"@type":"EntryPoint","urlTemplate":"https:\/\/racodelacalma.com\/inici\/?s={search_term_string}"},"query-input":{"@type":"PropertyValueSpecification","valueRequired":true,"valueName":"search_term_string"}}],"inLanguage":"ca"},{"@type":["Person","Organization"],"@id":"https:\/\/racodelacalma.com\/inici\/#\/schema\/person\/c2b2f8c57428e873bc2e91f3d6c0abd2","name":"admin","image":{"@type":"ImageObject","inLanguage":"ca","@id":"https:\/\/racodelacalma.com\/wp-content\/uploads\/2026\/04\/Diseno-sin-titulo.png","url":"https:\/\/racodelacalma.com\/wp-content\/uploads\/2026\/04\/Diseno-sin-titulo.png","contentUrl":"https:\/\/racodelacalma.com\/wp-content\/uploads\/2026\/04\/Diseno-sin-titulo.png","width":1536,"height":1024,"caption":"admin"},"logo":{"@id":"https:\/\/racodelacalma.com\/wp-content\/uploads\/2026\/04\/Diseno-sin-titulo.png"},"sameAs":["https:\/\/racodelacalma.com","https:\/\/es.pinterest.com\/racodelacalma10\/","https:\/\/www.youtube.com\/@racodelacalma"]}]}},"_links":{"self":[{"href":"https:\/\/racodelacalma.com\/inici\/wp-json\/wp\/v2\/pages\/3764","targetHints":{"allow":["GET"]}}],"collection":[{"href":"https:\/\/racodelacalma.com\/inici\/wp-json\/wp\/v2\/pages"}],"about":[{"href":"https:\/\/racodelacalma.com\/inici\/wp-json\/wp\/v2\/types\/page"}],"author":[{"embeddable":true,"href":"https:\/\/racodelacalma.com\/inici\/wp-json\/wp\/v2\/users\/1"}],"replies":[{"embeddable":true,"href":"https:\/\/racodelacalma.com\/inici\/wp-json\/wp\/v2\/comments?post=3764"}],"version-history":[{"count":21,"href":"https:\/\/racodelacalma.com\/inici\/wp-json\/wp\/v2\/pages\/3764\/revisions"}],"predecessor-version":[{"id":3893,"href":"https:\/\/racodelacalma.com\/inici\/wp-json\/wp\/v2\/pages\/3764\/revisions\/3893"}],"wp:attachment":[{"href":"https:\/\/racodelacalma.com\/inici\/wp-json\/wp\/v2\/media?parent=3764"}],"curies":[{"name":"wp","href":"https:\/\/api.w.org\/{rel}","templated":true}]}}