{"id":2925,"date":"2024-05-25T20:28:57","date_gmt":"2024-05-25T20:28:57","guid":{"rendered":"https:\/\/racodelacalma.com\/inici\/?page_id=2925"},"modified":"2024-05-25T21:32:45","modified_gmt":"2024-05-25T21:32:45","slug":"dislexia-discalculia","status":"publish","type":"page","link":"https:\/\/racodelacalma.com\/inici\/es\/dislexia-discalculia\/","title":{"rendered":"dislexia-discalculia"},"content":{"rendered":"<div data-elementor-type=\"wp-page\" data-elementor-id=\"2925\" class=\"elementor elementor-2925\">\n\t\t\t\t<div class=\"elementor-element elementor-element-ike2lyp e-flex e-con-boxed e-con e-parent\" data-id=\"ike2lyp\" data-element_type=\"container\" data-e-type=\"container\" data-settings=\"{&quot;background_background&quot;:&quot;classic&quot;}\">\n\t\t\t\t\t<div class=\"e-con-inner\">\n\t\t<div class=\"elementor-element elementor-element-d21b7e0 e-flex e-con-boxed e-con e-child\" data-id=\"d21b7e0\" data-element_type=\"container\" data-e-type=\"container\">\n\t\t\t\t\t<div class=\"e-con-inner\">\n\t\t\t\t<div class=\"elementor-element elementor-element-e9fd9dc elementor-widget elementor-widget-heading\" data-id=\"e9fd9dc\" data-element_type=\"widget\" data-e-type=\"widget\" data-widget_type=\"heading.default\">\n\t\t\t\t<div class=\"elementor-widget-container\">\n\t\t\t\t\t<h1 class=\"elementor-heading-title elementor-size-default\">Dislexia y discalculia<\/h1>\t\t\t\t<\/div>\n\t\t\t\t<\/div>\n\t\t\t\t\t<\/div>\n\t\t\t\t<\/div>\n\t\t\t\t\t<\/div>\n\t\t\t\t<\/div>\n\t\t<div class=\"elementor-element elementor-element-inxguqu e-flex e-con-boxed e-con e-parent\" data-id=\"inxguqu\" data-element_type=\"container\" data-e-type=\"container\">\n\t\t\t\t\t<div class=\"e-con-inner\">\n\t\t<div class=\"elementor-element elementor-element-7dbc6fb e-con-full e-flex e-con e-child\" data-id=\"7dbc6fb\" data-element_type=\"container\" data-e-type=\"container\">\n\t\t\t\t<div class=\"elementor-element elementor-element-6658dc9 elementor-widget elementor-widget-heading\" data-id=\"6658dc9\" data-element_type=\"widget\" data-e-type=\"widget\" data-widget_type=\"heading.default\">\n\t\t\t\t<div class=\"elementor-widget-container\">\n\t\t\t\t\t<h4 class=\"elementor-heading-title elementor-size-default\">\"No hay ning\u00fan ni\u00f1o que odie leer, solo hay ni\u00f1os que no han encontrado el libro correcto.<br><br>Frank Serafini<\/h4>\t\t\t\t<\/div>\n\t\t\t\t<\/div>\n\t\t\t\t<div class=\"elementor-element elementor-element-e9a8c1e elementor-widget elementor-widget-image\" data-id=\"e9a8c1e\" data-element_type=\"widget\" data-e-type=\"widget\" data-widget_type=\"image.default\">\n\t\t\t\t<div class=\"elementor-widget-container\">\n\t\t\t\t\t\t\t\t\t\t\t\t\t\t\t<img fetchpriority=\"high\" decoding=\"async\" width=\"768\" height=\"512\" src=\"https:\/\/racodelacalma.com\/wp-content\/uploads\/2024\/03\/book-paper-document-3089857-768x512.jpg\" class=\"attachment-medium_large size-medium_large wp-image-2545\" alt=\"libro, papel, documento-3089857.jpg\" srcset=\"https:\/\/racodelacalma.com\/wp-content\/uploads\/2024\/03\/book-paper-document-3089857-768x512.jpg 768w, https:\/\/racodelacalma.com\/wp-content\/uploads\/2024\/03\/book-paper-document-3089857-300x200.jpg 300w, https:\/\/racodelacalma.com\/wp-content\/uploads\/2024\/03\/book-paper-document-3089857-1024x682.jpg 1024w, https:\/\/racodelacalma.com\/wp-content\/uploads\/2024\/03\/book-paper-document-3089857-600x400.jpg 600w, https:\/\/racodelacalma.com\/wp-content\/uploads\/2024\/03\/book-paper-document-3089857.jpg 1280w\" sizes=\"(max-width: 768px) 100vw, 768px\" \/>\t\t\t\t\t\t\t\t\t\t\t\t\t\t\t<\/div>\n\t\t\t\t<\/div>\n\t\t<div class=\"elementor-element elementor-element-51b695b e-flex e-con-boxed e-con e-child\" data-id=\"51b695b\" data-element_type=\"container\" data-e-type=\"container\">\n\t\t\t\t\t<div class=\"e-con-inner\">\n\t\t<div class=\"elementor-element elementor-element-bda37a0 e-flex e-con-boxed e-con e-child\" data-id=\"bda37a0\" data-element_type=\"container\" data-e-type=\"container\">\n\t\t\t\t\t<div class=\"e-con-inner\">\n\t\t\t\t<div class=\"elementor-element elementor-element-6d20ef0 elementor-widget elementor-widget-heading\" data-id=\"6d20ef0\" data-element_type=\"widget\" data-e-type=\"widget\" data-widget_type=\"heading.default\">\n\t\t\t\t<div class=\"elementor-widget-container\">\n\t\t\t\t\t<h3 class=\"elementor-heading-title elementor-size-default\">Dislexia<\/h3>\t\t\t\t<\/div>\n\t\t\t\t<\/div>\n\t\t\t\t<div class=\"elementor-element elementor-element-91bab08 elementor-widget elementor-widget-text-editor\" data-id=\"91bab08\" data-element_type=\"widget\" data-e-type=\"widget\" data-widget_type=\"text-editor.default\">\n\t\t\t\t<div class=\"elementor-widget-container\">\n\t\t\t\t\t\t\t\t\t<h5>La dislexia es una condici\u00f3n de base neurol\u00f3gica totalmente independiente de la inteligencia que afecta la capacidad para leer, escribir y procesar el lenguaje escrito de manera fluida y precisa. Este hecho comporta dificultades en el reconocimiento de palabras, en la decodificaci\u00f3n de textos y en la ortograf\u00eda y, a menudo, interferencias con el rendimiento acad\u00e9mico y otras actividades cotidianas que requieren habilidades ling\u00fc\u00edsticas que con el apoyo adecuado y t\u00e9cnicas de ense\u00f1anza espec\u00edficas se compensan.<\/h5><h5>No obstante, las personas disl\u00e9xicas tambi\u00e9n pueden poseer ventajas notables, como una mayor creatividad, capacidad para la resoluci\u00f3n de problemas, pensamiento visual y espacial superior, y habilidades excepcionales en \u00e1reas como el arte, la ingenier\u00eda y el dise\u00f1o.<\/h5>\t\t\t\t\t\t\t\t<\/div>\n\t\t\t\t<\/div>\n\t\t\t\t\t<\/div>\n\t\t\t\t<\/div>\n\t\t<div class=\"elementor-element elementor-element-8c3d36e e-flex e-con-boxed e-con e-child\" data-id=\"8c3d36e\" data-element_type=\"container\" data-e-type=\"container\">\n\t\t\t\t\t<div class=\"e-con-inner\">\n\t\t\t\t<div class=\"elementor-element elementor-element-2061947 elementor-widget elementor-widget-heading\" data-id=\"2061947\" data-element_type=\"widget\" data-e-type=\"widget\" data-widget_type=\"heading.default\">\n\t\t\t\t<div class=\"elementor-widget-container\">\n\t\t\t\t\t<h3 class=\"elementor-heading-title elementor-size-default\">Discalculia<\/h3>\t\t\t\t<\/div>\n\t\t\t\t<\/div>\n\t\t\t\t<div class=\"elementor-element elementor-element-d19c62f elementor-widget elementor-widget-text-editor\" data-id=\"d19c62f\" data-element_type=\"widget\" data-e-type=\"widget\" data-widget_type=\"text-editor.default\">\n\t\t\t\t<div class=\"elementor-widget-container\">\n\t\t\t\t\t\t\t\t\t<h5>La discalculia afecta la capacidad para comprender y trabajar con n\u00fameros y conceptos matem\u00e1ticos, y provoca dificultades con las operaciones aritm\u00e9ticas b\u00e1sicas, el reconocimiento de n\u00fameros, la memoria de hechos matem\u00e1ticos y la comprensi\u00f3n de conceptos como el tiempo y la medida, lo que puede interferir con el rendimiento acad\u00e9mico y otras actividades cotidianas que requieren habilidades matem\u00e1ticas. Sin embargo, con los apoyos adecuados, las dificultades se pueden superar.<\/h5><h5>Las personas con discalculia a menudo muestran ventajas en otras \u00e1reas, como una mayor creatividad, habilidades verbales superiores y capacidades notables en disciplinas como el arte, la m\u00fasica y las humanidades.<\/h5>\t\t\t\t\t\t\t\t<\/div>\n\t\t\t\t<\/div>\n\t\t\t\t\t<\/div>\n\t\t\t\t<\/div>\n\t\t\t\t\t<\/div>\n\t\t\t\t<\/div>\n\t\t\t\t<\/div>\n\t\t\t\t\t<\/div>\n\t\t\t\t<\/div>\n\t\t<div class=\"elementor-element elementor-element-388feaf e-flex e-con-boxed e-con e-parent\" data-id=\"388feaf\" data-element_type=\"container\" data-e-type=\"container\">\n\t\t\t\t\t<div class=\"e-con-inner\">\n\t\t\t\t<div class=\"elementor-element elementor-element-b84a31a elementor-widget elementor-widget-text-editor\" data-id=\"b84a31a\" data-element_type=\"widget\" data-e-type=\"widget\" data-widget_type=\"text-editor.default\">\n\t\t\t\t<div class=\"elementor-widget-container\">\n\t\t\t\t\t\t\t\t\t<p>La dislexia y la discalculia son condiciones del neurodesarrollo incluidas en el DSM V de la American Psychiatric Association. La primera se caracteriza por dificultades en el reconocimiento de palabras, deletreo y errores ortogr\u00e1ficos. Para diagnosticarla, es necesario cumplir cuatro criterios: presentar s\u00edntomas como lectura imprecisa, dificultad de comprensi\u00f3n lectora, errores ortogr\u00e1ficos o mala organizaci\u00f3n de ideas; tener puntuaciones acad\u00e9micas muy por debajo de lo esperado para la edad; haber comenzado las dificultades en edad escolar; y que estas no se puedan explicar mejor por otras causas como d\u00e9ficits intelectuales, sensoriales o falta de instrucci\u00f3n adecuada.<\/p>\n<p>La segunda, afecta el procesamiento num\u00e9rico y las operaciones aritm\u00e9ticas. Se aplican los mismos criterios que con la dislexia pero con la diferencia de que los s\u00edntomas incluyen dificultades en la comprensi\u00f3n de n\u00fameros, operaciones aritm\u00e9ticas b\u00e1sicas y el manejo de conceptos matem\u00e1ticos.<\/p><p><br><\/p>\n<p>A pesar de estas dificultades, las personas con dislexia o discalculia tambi\u00e9n pueden tener ventajas importantes. La dislexia a menudo va acompa\u00f1ada de una mayor creatividad, capacidad para la resoluci\u00f3n de problemas de manera innovadora y una tendencia a ver soluciones nuevas que otros no ven. Las personas con discalculia pueden destacar en \u00e1reas como el arte, la m\u00fasica y las humanidades, gracias a sus habilidades verbales y creativas superiores. Adem\u00e1s, estas dos condiciones pueden coexistir con otras condiciones como el TDAH, las altas capacidades o el autismo, creando perfiles \u00fanicos con combinaciones de habilidades y desaf\u00edos diversos.<\/p>\t\t\t\t\t\t\t\t<\/div>\n\t\t\t\t<\/div>\n\t\t\t\t\t<\/div>\n\t\t\t\t<\/div>\n\t\t<div class=\"elementor-element elementor-element-cb5c975 e-flex e-con-boxed e-con e-parent\" data-id=\"cb5c975\" data-element_type=\"container\" data-e-type=\"container\">\n\t\t\t\t\t<div class=\"e-con-inner\">\n\t\t\t\t<div class=\"elementor-element elementor-element-9513bcc elementor-widget elementor-widget-heading\" data-id=\"9513bcc\" data-element_type=\"widget\" data-e-type=\"widget\" data-widget_type=\"heading.default\">\n\t\t\t\t<div class=\"elementor-widget-container\">\n\t\t\t\t\t<h2 class=\"elementor-heading-title elementor-size-default\">\u00bfC\u00f3mo acompa\u00f1ar la dislexia y la discalculia?<\/h2>\t\t\t\t<\/div>\n\t\t\t\t<\/div>\n\t\t\t\t\t<\/div>\n\t\t\t\t<\/div>\n\t\t<div class=\"elementor-element elementor-element-d43523c e-flex e-con-boxed e-con e-parent\" data-id=\"d43523c\" data-element_type=\"container\" data-e-type=\"container\">\n\t\t\t\t\t<div class=\"e-con-inner\">\n\t\t\t\t<div class=\"elementor-element elementor-element-5df946a elementor-widget elementor-widget-text-editor\" data-id=\"5df946a\" data-element_type=\"widget\" data-e-type=\"widget\" data-widget_type=\"text-editor.default\">\n\t\t\t\t<div class=\"elementor-widget-container\">\n\t\t\t\t\t\t\t\t\t<p>En primer lugar, hay que explicarle al ni\u00f1o o ni\u00f1a qu\u00e9 le sucede para que entienda que no es culpa suya tener dificultades en la lectoescritura o el c\u00e1lculo matem\u00e1tico; de esta manera se evita el sentimiento de culpa, se reduce la angustia y la confusi\u00f3n.<\/p><p><br><\/p>\n<p>Tambi\u00e9n hay que explicarle que estas dificultades no tienen nada que ver con la inteligencia y que m\u00e1s all\u00e1 de las dificultades que tiene (que son muy reales y hay que trabajarlas y ofrecer los apoyos necesarios para que pueda superarlas) su condici\u00f3n le proporciona una serie de ventajas, tambi\u00e9n muy importantes y le ayudan a procesar el mundo de forma diferente, pero no peor.<\/p><p><br><\/p>\n<p>Es b\u00e1sico respetar los tempos y el proceso del ni\u00f1o, reforzar positivamente los avances por lentos que sean y sobre todo valorar mucho el esfuerzo, a veces muy, muy grande, que est\u00e1 haciendo para aprender, as\u00ed como potenciar al m\u00e1ximo sus habilidades m\u00e1s desarrolladas para que no vea solo aquello que le cuesta. Pero sobre todo, explicarle que la dislexia \u2013es decir, la dificultad para leer y entender lo que lee\u2013 se supera. Nunca leer\u00e1 como una persona no disl\u00e9xica ni calcular\u00e1 como una persona sin discalculia, de la misma manera que tampoco procesar\u00e1 la informaci\u00f3n visual igual, pero ni es necesario que lo haga ni supone un obst\u00e1culo insalvable, ni todo son desventajas, como ya hemos visto.<\/p>\t\t\t\t\t\t\t\t<\/div>\n\t\t\t\t<\/div>\n\t\t\t\t\t<\/div>\n\t\t\t\t<\/div>\n\t\t<div class=\"elementor-element elementor-element-2ed8d64 e-flex e-con-boxed e-con e-parent\" data-id=\"2ed8d64\" data-element_type=\"container\" data-e-type=\"container\">\n\t\t\t\t\t<div class=\"e-con-inner\">\n\t\t\t\t<div class=\"elementor-element elementor-element-e1aa2f2 elementor-widget elementor-widget-text-editor\" data-id=\"e1aa2f2\" data-element_type=\"widget\" data-e-type=\"widget\" data-widget_type=\"text-editor.default\">\n\t\t\t\t<div class=\"elementor-widget-container\">\n\t\t\t\t\t\t\t\t\t<p><strong>Medidas de apoyo en el aula:<\/strong><\/p><p><strong><br><\/strong><\/p>\n<div>\n<ul>\n<li>Acompa\u00f1amiento de los materiales escritos con ilustraciones.<\/li>\n<li>**Resaltar** las **palabras relevantes** en **negrita** y **estructurar muy bien** el texto: enunciados destacados, p\u00e1rrafos en cursiva, evitando frases demasiado largas y de estructura muy compleja.<\/li>\n<li>Uso de una tipograf\u00eda de letra comprensible como <a href=\"https:\/\/opendyslexic.org\">OpenDyslexic<\/a> (se puede descargar gratis aqu\u00ed)<\/li>\n<li>Leer en voz alta y explicar qu\u00e9 se pide en las actividades y pruebas.<\/li>\n<li>Marcar la ortograf\u00eda pero no penalizar (o hacerlo en menor grado dependiendo de la edad) los errores ortogr\u00e1ficos\/gramaticales\/sint\u00e1cticos.<\/li>\n<li>Flexibilizar el tiempo de realizaci\u00f3n de las actividades y ex\u00e1menes.<\/li>\n<li>Ofrecer la posibilidad de realizar las pruebas oralmente o alguna parte de ellas.<\/li>\n<\/ul>\n<\/div>\t\t\t\t\t\t\t\t<\/div>\n\t\t\t\t<\/div>\n\t\t\t\t\t<\/div>\n\t\t\t\t<\/div>\n\t\t\t\t<\/div>","protected":false},"excerpt":{"rendered":"<p>Disl\u00e8xia i discalc\u00falia \u00abNo hi ha cap nen que od\u00efi llegir, nom\u00e9s hi ha nens que no han trobat el llibre correcte\u00bb. Frank Serafini Disl\u00e8xia La disl\u00e8xia \u00e9s una condici\u00f3 de base neurol\u00f2gica totalment independent de la intel\u00b7lig\u00e8ncia que afecta la capacitat per llegir, escriure i processar el llenguatge escrit de manera fluida i precisa. [&hellip;]<\/p>\n","protected":false},"author":1,"featured_media":0,"parent":0,"menu_order":0,"comment_status":"closed","ping_status":"closed","template":"","meta":{"site-sidebar-layout":"no-sidebar","site-content-layout":"page-builder","ast-site-content-layout":"full-width-container","site-content-style":"default","site-sidebar-style":"default","ast-global-header-display":"","ast-banner-title-visibility":"","ast-main-header-display":"","ast-hfb-above-header-display":"","ast-hfb-below-header-display":"","ast-hfb-mobile-header-display":"","site-post-title":"disabled","ast-breadcrumbs-content":"","ast-featured-img":"disabled","footer-sml-layout":"","ast-disable-related-posts":"","theme-transparent-header-meta":"","adv-header-id-meta":"","stick-header-meta":"","header-above-stick-meta":"","header-main-stick-meta":"","header-below-stick-meta":"","astra-migrate-meta-layouts":"default","ast-page-background-enabled":"default","ast-page-background-meta":{"desktop":{"background-color":"var(--ast-global-color-4)","background-image":"","background-repeat":"repeat","background-position":"center center","background-size":"auto","background-attachment":"scroll","background-type":"","background-media":"","overlay-type":"","overlay-color":"","overlay-opacity":"","overlay-gradient":""},"tablet":{"background-color":"","background-image":"","background-repeat":"repeat","background-position":"center center","background-size":"auto","background-attachment":"scroll","background-type":"","background-media":"","overlay-type":"","overlay-color":"","overlay-opacity":"","overlay-gradient":""},"mobile":{"background-color":"","background-image":"","background-repeat":"repeat","background-position":"center center","background-size":"auto","background-attachment":"scroll","background-type":"","background-media":"","overlay-type":"","overlay-color":"","overlay-opacity":"","overlay-gradient":""}},"ast-content-background-meta":{"desktop":{"background-color":"var(--ast-global-color-5)","background-image":"","background-repeat":"repeat","background-position":"center center","background-size":"auto","background-attachment":"scroll","background-type":"","background-media":"","overlay-type":"","overlay-color":"","overlay-opacity":"","overlay-gradient":""},"tablet":{"background-color":"var(--ast-global-color-5)","background-image":"","background-repeat":"repeat","background-position":"center center","background-size":"auto","background-attachment":"scroll","background-type":"","background-media":"","overlay-type":"","overlay-color":"","overlay-opacity":"","overlay-gradient":""},"mobile":{"background-color":"var(--ast-global-color-5)","background-image":"","background-repeat":"repeat","background-position":"center center","background-size":"auto","background-attachment":"scroll","background-type":"","background-media":"","overlay-type":"","overlay-color":"","overlay-opacity":"","overlay-gradient":""}},"footnotes":""},"class_list":["post-2925","page","type-page","status-publish","hentry"],"yoast_head":"<!-- This site is optimized with the Yoast SEO plugin v28.3 - https:\/\/yoast.com\/product\/yoast-seo-wordpress\/ -->\n<title>dislexia-discalculia - Rac\u00f3 de la calma<\/title>\n<meta name=\"robots\" content=\"index, follow, max-snippet:-1, max-image-preview:large, max-video-preview:-1\" \/>\n<link rel=\"canonical\" href=\"https:\/\/racodelacalma.com\/inici\/es\/neurodiversitat__trashed\/dislexia-discalculia\/\" \/>\n<meta property=\"og:locale\" content=\"es_ES\" \/>\n<meta property=\"og:type\" content=\"article\" \/>\n<meta property=\"og:title\" content=\"dislexia-discalculia - Rac\u00f3 de la calma\" \/>\n<meta property=\"og:description\" content=\"Disl\u00e8xia i discalc\u00falia \u00abNo hi ha cap nen que od\u00efi llegir, nom\u00e9s hi ha nens que no han trobat el llibre correcte\u00bb. Frank Serafini Disl\u00e8xia La disl\u00e8xia \u00e9s una condici\u00f3 de base neurol\u00f2gica totalment independent de la intel\u00b7lig\u00e8ncia que afecta la capacitat per llegir, escriure i processar el llenguatge escrit de manera fluida i precisa. [&hellip;]\" \/>\n<meta property=\"og:url\" content=\"https:\/\/racodelacalma.com\/inici\/es\/neurodiversitat__trashed\/dislexia-discalculia\/\" \/>\n<meta property=\"og:site_name\" content=\"Rac\u00f3 de la calma\" \/>\n<meta property=\"article:modified_time\" content=\"2024-05-25T21:32:45+00:00\" \/>\n<meta property=\"og:image\" content=\"https:\/\/racodelacalma.com\/wp-content\/uploads\/2024\/03\/book-paper-document-3089857-768x512.jpg\" \/>\n<meta name=\"twitter:card\" content=\"summary_large_image\" \/>\n<meta name=\"twitter:label1\" content=\"Tiempo de lectura\" \/>\n\t<meta name=\"twitter:data1\" content=\"5 minutos\" \/>\n<script type=\"application\/ld+json\" class=\"yoast-schema-graph\">{\"@context\":\"https:\\\/\\\/schema.org\",\"@graph\":[{\"@type\":\"WebPage\",\"@id\":\"https:\\\/\\\/racodelacalma.com\\\/inici\\\/neurodiversitat__trashed\\\/dislexia-discalculia\\\/\",\"url\":\"https:\\\/\\\/racodelacalma.com\\\/inici\\\/neurodiversitat__trashed\\\/dislexia-discalculia\\\/\",\"name\":\"dislexia-discalculia - Rac\u00f3 de la calma\",\"isPartOf\":{\"@id\":\"https:\\\/\\\/racodelacalma.com\\\/inici\\\/#website\"},\"primaryImageOfPage\":{\"@id\":\"https:\\\/\\\/racodelacalma.com\\\/inici\\\/neurodiversitat__trashed\\\/dislexia-discalculia\\\/#primaryimage\"},\"image\":{\"@id\":\"https:\\\/\\\/racodelacalma.com\\\/inici\\\/neurodiversitat__trashed\\\/dislexia-discalculia\\\/#primaryimage\"},\"thumbnailUrl\":\"https:\\\/\\\/racodelacalma.com\\\/wp-content\\\/uploads\\\/2024\\\/03\\\/book-paper-document-3089857-768x512.jpg\",\"datePublished\":\"2024-05-25T20:28:57+00:00\",\"dateModified\":\"2024-05-25T21:32:45+00:00\",\"breadcrumb\":{\"@id\":\"https:\\\/\\\/racodelacalma.com\\\/inici\\\/neurodiversitat__trashed\\\/dislexia-discalculia\\\/#breadcrumb\"},\"inLanguage\":\"es\",\"potentialAction\":[{\"@type\":\"ReadAction\",\"target\":[\"https:\\\/\\\/racodelacalma.com\\\/inici\\\/neurodiversitat__trashed\\\/dislexia-discalculia\\\/\"]}]},{\"@type\":\"ImageObject\",\"inLanguage\":\"es\",\"@id\":\"https:\\\/\\\/racodelacalma.com\\\/inici\\\/neurodiversitat__trashed\\\/dislexia-discalculia\\\/#primaryimage\",\"url\":\"https:\\\/\\\/racodelacalma.com\\\/wp-content\\\/uploads\\\/2024\\\/03\\\/book-paper-document-3089857-768x512.jpg\",\"contentUrl\":\"https:\\\/\\\/racodelacalma.com\\\/wp-content\\\/uploads\\\/2024\\\/03\\\/book-paper-document-3089857-768x512.jpg\"},{\"@type\":\"BreadcrumbList\",\"@id\":\"https:\\\/\\\/racodelacalma.com\\\/inici\\\/neurodiversitat__trashed\\\/dislexia-discalculia\\\/#breadcrumb\",\"itemListElement\":[{\"@type\":\"ListItem\",\"position\":1,\"name\":\"Home\",\"item\":\"https:\\\/\\\/racodelacalma.com\\\/inici\\\/\"},{\"@type\":\"ListItem\",\"position\":2,\"name\":\"dislexia-discalculia\"}]},{\"@type\":\"WebSite\",\"@id\":\"https:\\\/\\\/racodelacalma.com\\\/inici\\\/#website\",\"url\":\"https:\\\/\\\/racodelacalma.com\\\/inici\\\/\",\"name\":\"Rac\u00f3 de la calma\",\"description\":\"Un espai per reflexionar sobre educaci\u00f3 inclusiva i on trobar\u00e0s materials, jocs, idees per treballar des d&#039;infantil a secund\u00e0ria... I molt m\u00e9s!\",\"publisher\":{\"@id\":\"https:\\\/\\\/racodelacalma.com\\\/inici\\\/#\\\/schema\\\/person\\\/c2b2f8c57428e873bc2e91f3d6c0abd2\"},\"alternateName\":\"racodelacalma\",\"potentialAction\":[{\"@type\":\"SearchAction\",\"target\":{\"@type\":\"EntryPoint\",\"urlTemplate\":\"https:\\\/\\\/racodelacalma.com\\\/inici\\\/?s={search_term_string}\"},\"query-input\":{\"@type\":\"PropertyValueSpecification\",\"valueRequired\":true,\"valueName\":\"search_term_string\"}}],\"inLanguage\":\"es\"},{\"@type\":[\"Person\",\"Organization\"],\"@id\":\"https:\\\/\\\/racodelacalma.com\\\/inici\\\/#\\\/schema\\\/person\\\/c2b2f8c57428e873bc2e91f3d6c0abd2\",\"name\":\"admin\",\"image\":{\"@type\":\"ImageObject\",\"inLanguage\":\"es\",\"@id\":\"https:\\\/\\\/racodelacalma.com\\\/wp-content\\\/uploads\\\/2026\\\/04\\\/Diseno-sin-titulo.png\",\"url\":\"https:\\\/\\\/racodelacalma.com\\\/wp-content\\\/uploads\\\/2026\\\/04\\\/Diseno-sin-titulo.png\",\"contentUrl\":\"https:\\\/\\\/racodelacalma.com\\\/wp-content\\\/uploads\\\/2026\\\/04\\\/Diseno-sin-titulo.png\",\"width\":1536,\"height\":1024,\"caption\":\"admin\"},\"logo\":{\"@id\":\"https:\\\/\\\/racodelacalma.com\\\/wp-content\\\/uploads\\\/2026\\\/04\\\/Diseno-sin-titulo.png\"},\"sameAs\":[\"https:\\\/\\\/racodelacalma.com\",\"https:\\\/\\\/es.pinterest.com\\\/racodelacalma10\\\/\",\"https:\\\/\\\/www.youtube.com\\\/@racodelacalma\"]}]}<\/script>\n<!-- \/ Yoast SEO plugin. -->","yoast_head_json":{"title":"Dislexia-Discalculia - Rinc\u00f3n de la calma","robots":{"index":"index","follow":"follow","max-snippet":"max-snippet:-1","max-image-preview":"max-image-preview:large","max-video-preview":"max-video-preview:-1"},"canonical":"https:\/\/racodelacalma.com\/inici\/es\/neurodiversitat__trashed\/dislexia-discalculia\/","og_locale":"es_ES","og_type":"article","og_title":"dislexia-discalculia - Rac\u00f3 de la calma","og_description":"Disl\u00e8xia i discalc\u00falia \u00abNo hi ha cap nen que od\u00efi llegir, nom\u00e9s hi ha nens que no han trobat el llibre correcte\u00bb. Frank Serafini Disl\u00e8xia La disl\u00e8xia \u00e9s una condici\u00f3 de base neurol\u00f2gica totalment independent de la intel\u00b7lig\u00e8ncia que afecta la capacitat per llegir, escriure i processar el llenguatge escrit de manera fluida i precisa. [&hellip;]","og_url":"https:\/\/racodelacalma.com\/inici\/es\/neurodiversitat__trashed\/dislexia-discalculia\/","og_site_name":"Rac\u00f3 de la calma","article_modified_time":"2024-05-25T21:32:45+00:00","og_image":[{"url":"https:\/\/racodelacalma.com\/wp-content\/uploads\/2024\/03\/book-paper-document-3089857-768x512.jpg","type":"","width":"","height":""}],"twitter_card":"summary_large_image","twitter_misc":{"Tiempo de lectura":"5 minutos"},"schema":{"@context":"https:\/\/schema.org","@graph":[{"@type":"WebPage","@id":"https:\/\/racodelacalma.com\/inici\/neurodiversitat__trashed\/dislexia-discalculia\/","url":"https:\/\/racodelacalma.com\/inici\/neurodiversitat__trashed\/dislexia-discalculia\/","name":"Dislexia-Discalculia - Rinc\u00f3n de la calma","isPartOf":{"@id":"https:\/\/racodelacalma.com\/inici\/#website"},"primaryImageOfPage":{"@id":"https:\/\/racodelacalma.com\/inici\/neurodiversitat__trashed\/dislexia-discalculia\/#primaryimage"},"image":{"@id":"https:\/\/racodelacalma.com\/inici\/neurodiversitat__trashed\/dislexia-discalculia\/#primaryimage"},"thumbnailUrl":"https:\/\/racodelacalma.com\/wp-content\/uploads\/2024\/03\/book-paper-document-3089857-768x512.jpg","datePublished":"2024-05-25T20:28:57+00:00","dateModified":"2024-05-25T21:32:45+00:00","breadcrumb":{"@id":"https:\/\/racodelacalma.com\/inici\/neurodiversitat__trashed\/dislexia-discalculia\/#breadcrumb"},"inLanguage":"es","potentialAction":[{"@type":"ReadAction","target":["https:\/\/racodelacalma.com\/inici\/neurodiversitat__trashed\/dislexia-discalculia\/"]}]},{"@type":"ImageObject","inLanguage":"es","@id":"https:\/\/racodelacalma.com\/inici\/neurodiversitat__trashed\/dislexia-discalculia\/#primaryimage","url":"https:\/\/racodelacalma.com\/wp-content\/uploads\/2024\/03\/book-paper-document-3089857-768x512.jpg","contentUrl":"https:\/\/racodelacalma.com\/wp-content\/uploads\/2024\/03\/book-paper-document-3089857-768x512.jpg"},{"@type":"BreadcrumbList","@id":"https:\/\/racodelacalma.com\/inici\/neurodiversitat__trashed\/dislexia-discalculia\/#breadcrumb","itemListElement":[{"@type":"ListItem","position":1,"name":"Home","item":"https:\/\/racodelacalma.com\/inici\/"},{"@type":"ListItem","position":2,"name":"dislexia-discalculia"}]},{"@type":"WebSite","@id":"https:\/\/racodelacalma.com\/inici\/#website","url":"https:\/\/racodelacalma.com\/inici\/","name":"Rac\u00f3 de la calma","description":"Un espacio para reflexionar sobre educaci\u00f3n inclusiva y donde encontrar\u00e1s materiales, juegos, ideas para trabajar desde infantil hasta secundaria... \u00a1Y mucho m\u00e1s!","publisher":{"@id":"https:\/\/racodelacalma.com\/inici\/#\/schema\/person\/c2b2f8c57428e873bc2e91f3d6c0abd2"},"alternateName":"racodelacalma","potentialAction":[{"@type":"SearchAction","target":{"@type":"EntryPoint","urlTemplate":"https:\/\/racodelacalma.com\/inici\/?s={search_term_string}"},"query-input":{"@type":"PropertyValueSpecification","valueRequired":true,"valueName":"search_term_string"}}],"inLanguage":"es"},{"@type":["Person","Organization"],"@id":"https:\/\/racodelacalma.com\/inici\/#\/schema\/person\/c2b2f8c57428e873bc2e91f3d6c0abd2","name":"administrador","image":{"@type":"ImageObject","inLanguage":"es","@id":"https:\/\/racodelacalma.com\/wp-content\/uploads\/2026\/04\/Diseno-sin-titulo.png","url":"https:\/\/racodelacalma.com\/wp-content\/uploads\/2026\/04\/Diseno-sin-titulo.png","contentUrl":"https:\/\/racodelacalma.com\/wp-content\/uploads\/2026\/04\/Diseno-sin-titulo.png","width":1536,"height":1024,"caption":"admin"},"logo":{"@id":"https:\/\/racodelacalma.com\/wp-content\/uploads\/2026\/04\/Diseno-sin-titulo.png"},"sameAs":["https:\/\/racodelacalma.com","https:\/\/es.pinterest.com\/racodelacalma10\/","https:\/\/www.youtube.com\/@racodelacalma"]}]}},"_links":{"self":[{"href":"https:\/\/racodelacalma.com\/inici\/es\/wp-json\/wp\/v2\/pages\/2925","targetHints":{"allow":["GET"]}}],"collection":[{"href":"https:\/\/racodelacalma.com\/inici\/es\/wp-json\/wp\/v2\/pages"}],"about":[{"href":"https:\/\/racodelacalma.com\/inici\/es\/wp-json\/wp\/v2\/types\/page"}],"author":[{"embeddable":true,"href":"https:\/\/racodelacalma.com\/inici\/es\/wp-json\/wp\/v2\/users\/1"}],"replies":[{"embeddable":true,"href":"https:\/\/racodelacalma.com\/inici\/es\/wp-json\/wp\/v2\/comments?post=2925"}],"version-history":[{"count":8,"href":"https:\/\/racodelacalma.com\/inici\/es\/wp-json\/wp\/v2\/pages\/2925\/revisions"}],"predecessor-version":[{"id":2939,"href":"https:\/\/racodelacalma.com\/inici\/es\/wp-json\/wp\/v2\/pages\/2925\/revisions\/2939"}],"wp:attachment":[{"href":"https:\/\/racodelacalma.com\/inici\/es\/wp-json\/wp\/v2\/media?parent=2925"}],"curies":[{"name":"wp","href":"https:\/\/api.w.org\/{rel}","templated":true}]}}