{"id":2808,"date":"2024-05-06T17:10:18","date_gmt":"2024-05-06T17:10:18","guid":{"rendered":"https:\/\/racodelacalma.com\/inici\/?page_id=2808"},"modified":"2024-05-12T13:46:20","modified_gmt":"2024-05-12T13:46:20","slug":"islam-en-al-andalus","status":"publish","type":"page","link":"https:\/\/racodelacalma.com\/inici\/es\/temaris-de-secundaria\/edat-mitjana-i-moderna\/islam-al-andalus\/","title":{"rendered":"El surgimiento del Islam y la creaci\u00f3n de al-\u00c1ndalus"},"content":{"rendered":"<div data-elementor-type=\"wp-page\" data-elementor-id=\"2808\" class=\"elementor elementor-2808\">\n\t\t\t\t<div class=\"elementor-element elementor-element-blqwskj e-flex e-con-boxed e-con e-parent\" data-id=\"blqwskj\" data-element_type=\"container\" data-e-type=\"container\" data-settings=\"{&quot;background_background&quot;:&quot;classic&quot;}\">\n\t\t\t\t\t<div class=\"e-con-inner\">\n\t\t<div class=\"elementor-element elementor-element-0502d81 e-con-full e-flex e-con e-child\" data-id=\"0502d81\" data-element_type=\"container\" data-e-type=\"container\">\n\t\t\t\t<div class=\"elementor-element elementor-element-03d202b elementor-widget elementor-widget-heading\" data-id=\"03d202b\" data-element_type=\"widget\" data-e-type=\"widget\" data-widget_type=\"heading.default\">\n\t\t\t\t<div class=\"elementor-widget-container\">\n\t\t\t\t\t<h1 class=\"elementor-heading-title elementor-size-default\">El Surgimiento del Islam y la aparici\u00f3n de Al-\u00c1ndalus<\/h1>\t\t\t\t<\/div>\n\t\t\t\t<\/div>\n\t\t\t\t<\/div>\n\t\t\t\t\t<\/div>\n\t\t\t\t<\/div>\n\t\t<div class=\"elementor-element elementor-element-jzxt6iz e-flex e-con-boxed e-con e-parent\" data-id=\"jzxt6iz\" data-element_type=\"container\" data-e-type=\"container\">\n\t\t\t\t\t<div class=\"e-con-inner\">\n\t\t<div class=\"elementor-element elementor-element-89a7aec e-con-full e-flex e-con e-child\" data-id=\"89a7aec\" data-element_type=\"container\" data-e-type=\"container\">\n\t\t\t\t<div class=\"elementor-element elementor-element-e871351 elementor-widget elementor-widget-text-editor\" data-id=\"e871351\" data-element_type=\"widget\" data-e-type=\"widget\" data-widget_type=\"text-editor.default\">\n\t\t\t\t<div class=\"elementor-widget-container\">\n\t\t\t\t\t\t\t\t\t<p>El surgimiento de la tercera religi\u00f3n monote\u00edsta, el Islam, inici\u00f3 un gran imperio que en la Pen\u00ednsula se concret\u00f3 en Al-Andalus.&nbsp;<br><\/p>\t\t\t\t\t\t\t\t<\/div>\n\t\t\t\t<\/div>\n\t\t\t\t<div class=\"elementor-element elementor-element-0244f25 elementor-widget elementor-widget-text-editor\" data-id=\"0244f25\" data-element_type=\"widget\" data-e-type=\"widget\" data-widget_type=\"text-editor.default\">\n\t\t\t\t<div class=\"elementor-widget-container\">\n\t\t\t\t\t\t\t\t\t<p>El regad\u00edo, la cultura del agua, la m\u00fasica (la gralla, el flamenco, la rumba\u2026) son parte del legado que nos han dejado.&nbsp;<\/p>\t\t\t\t\t\t\t\t<\/div>\n\t\t\t\t<\/div>\n\t\t\t\t<\/div>\n\t\t<div class=\"elementor-element elementor-element-e8e4600 e-con-full e-flex e-con e-child\" data-id=\"e8e4600\" data-element_type=\"container\" data-e-type=\"container\">\n\t\t\t\t<div class=\"elementor-element elementor-element-6060d91 elementor-widget elementor-widget-image\" data-id=\"6060d91\" data-element_type=\"widget\" data-e-type=\"widget\" data-widget_type=\"image.default\">\n\t\t\t\t<div class=\"elementor-widget-container\">\n\t\t\t\t\t\t\t\t\t\t\t\t\t\t\t<img decoding=\"async\" src=\"https:\/\/racodelacalma.com\/wp-content\/uploads\/2024\/05\/country-house-vegetable-garden-tomatoes-2699713.jpg\" title=\"\" alt=\"casa de campo, huerta, tomates-2699713.jpg\" loading=\"lazy\" \/>\t\t\t\t\t\t\t\t\t\t\t\t\t\t\t<\/div>\n\t\t\t\t<\/div>\n\t\t\t\t<\/div>\n\t\t\t\t\t<\/div>\n\t\t\t\t<\/div>\n\t\t<div class=\"elementor-element elementor-element-xnamp8z e-flex e-con-boxed e-con e-parent\" data-id=\"xnamp8z\" data-element_type=\"container\" data-e-type=\"container\">\n\t\t\t\t\t<div class=\"e-con-inner\">\n\t\t<div class=\"elementor-element elementor-element-b71e4eb e-con-full e-flex e-con e-child\" data-id=\"b71e4eb\" data-element_type=\"container\" data-e-type=\"container\">\n\t\t\t\t<div class=\"elementor-element elementor-element-52d103b elementor-widget elementor-widget-image-box\" data-id=\"52d103b\" data-element_type=\"widget\" data-e-type=\"widget\" data-widget_type=\"image-box.default\">\n\t\t\t\t<div class=\"elementor-widget-container\">\n\t\t\t\t\t<div class=\"elementor-image-box-wrapper\"><div class=\"elementor-image-box-content\"><h2 class=\"elementor-image-box-title\">El Islam y las religiones monote\u00edstas<\/h2><\/div><\/div>\t\t\t\t<\/div>\n\t\t\t\t<\/div>\n\t\t\t\t<div class=\"elementor-element elementor-element-2cb1bdf elementor-widget elementor-widget-text-editor\" data-id=\"2cb1bdf\" data-element_type=\"widget\" data-e-type=\"widget\" data-widget_type=\"text-editor.default\">\n\t\t\t\t<div class=\"elementor-widget-container\">\n\t\t\t\t\t\t\t\t\t<p dir=\"ltr\"><strong>El Islam, junto con el Juda\u00edsmo y el Cristianismo, es una de las \u00abreligiones del libro\u00bb, ya que las tres son monote\u00edstas y con un origen com\u00fan.<\/strong><\/p>\t\t\t\t\t\t\t\t<\/div>\n\t\t\t\t<\/div>\n\t\t\t\t<div class=\"elementor-element elementor-element-346bb0b elementor-pagination-position-outside elementor-widget elementor-widget-image-carousel\" data-id=\"346bb0b\" data-element_type=\"widget\" data-e-type=\"widget\" data-settings=\"{&quot;slides_to_show&quot;:&quot;3&quot;,&quot;slides_to_scroll&quot;:&quot;1&quot;,&quot;navigation&quot;:&quot;dots&quot;,&quot;slides_to_show_tablet&quot;:&quot;2&quot;,&quot;slides_to_show_mobile&quot;:&quot;1&quot;,&quot;autoplay&quot;:&quot;no&quot;,&quot;infinite&quot;:&quot;yes&quot;,&quot;speed&quot;:500,&quot;image_spacing_custom&quot;:{&quot;unit&quot;:&quot;px&quot;,&quot;size&quot;:20,&quot;sizes&quot;:[]},&quot;image_spacing_custom_tablet&quot;:{&quot;unit&quot;:&quot;px&quot;,&quot;size&quot;:&quot;&quot;,&quot;sizes&quot;:[]}}\" data-widget_type=\"image-carousel.default\">\n\t\t\t\t<div class=\"elementor-widget-container\">\n\t\t\t\t\t\t\t<div class=\"elementor-image-carousel-wrapper swiper\" role=\"region\" aria-roledescription=\"carousel\" aria-label=\"Carrusel de im\u00e1genes\" dir=\"ltr\">\n\t\t\t<div class=\"elementor-image-carousel swiper-wrapper swiper-image-stretch\" aria-live=\"polite\">\n\t\t\t\t\t\t\t\t<div class=\"swiper-slide\" role=\"group\" aria-roledescription=\"slide\" aria-label=\"1 de 5\" data-no-translation-aria-label=\"\"><figure class=\"swiper-slide-inner\"><img decoding=\"async\" class=\"swiper-slide-image\" src=\"https:\/\/racodelacalma.com\/wp-content\/uploads\/2024\/05\/Arabian_Peninsula_dust_SeaWiFS-768x701.jpg\" alt=\"La Pen\u00ednsula Ar\u00e1biga\" \/><figcaption class=\"elementor-image-carousel-caption\">La Pen\u00ednsula Ar\u00e1biga<\/figcaption><\/figure><\/div><div class=\"swiper-slide\" role=\"group\" aria-roledescription=\"slide\" aria-label=\"2 de 5\" data-no-translation-aria-label=\"\"><figure class=\"swiper-slide-inner\"><img decoding=\"async\" class=\"swiper-slide-image\" src=\"https:\/\/racodelacalma.com\/wp-content\/uploads\/2024\/05\/Closing_folios_from_a_Mamluk_Quran_CBL_Is_1628-768x593.jpg\" alt=\"Cor\u00e1n egipcio del siglo XIV\" \/><figcaption class=\"elementor-image-carousel-caption\">Cor\u00e1n egipcio del siglo XIV<\/figcaption><\/figure><\/div><div class=\"swiper-slide\" role=\"group\" aria-roledescription=\"slide\" aria-label=\"3 de 5\" data-no-translation-aria-label=\"\"><figure class=\"swiper-slide-inner\"><img decoding=\"async\" class=\"swiper-slide-image\" src=\"https:\/\/racodelacalma.com\/wp-content\/uploads\/2024\/05\/Maome.jpg\" alt=\"Mahoma y el Arc\u00e1ngel Gabriel, de Ahmad Musa, siglo XIV\" \/><figcaption class=\"elementor-image-carousel-caption\">Mahoma y el Arc\u00e1ngel Gabriel, de Ahmad Musa, siglo XIV<\/figcaption><\/figure><\/div><div class=\"swiper-slide\" role=\"group\" aria-roledescription=\"slide\" aria-label=\"4 de 5\" data-no-translation-aria-label=\"\"><figure class=\"swiper-slide-inner\"><img decoding=\"async\" class=\"swiper-slide-image\" src=\"https:\/\/racodelacalma.com\/wp-content\/uploads\/2024\/05\/Kaaba_mirror_edit_jj.jpg\" alt=\"\" \/><\/figure><\/div><div class=\"swiper-slide\" role=\"group\" aria-roledescription=\"slide\" aria-label=\"5 de 5\" data-no-translation-aria-label=\"\"><figure class=\"swiper-slide-inner\"><img decoding=\"async\" class=\"swiper-slide-image\" src=\"https:\/\/racodelacalma.com\/wp-content\/uploads\/2024\/05\/Muhammad_and_the_Angel_Gabriel_by_Ahmad_Musa-1-768x1090.jpg\" alt=\"Copia otomana (s. XVII) del C\u00f3dice iran\u00ed de Edimburgo, s. XIV\" \/><figcaption class=\"elementor-image-carousel-caption\">Copia otomana (s. XVII) del C\u00f3dice iran\u00ed de Edimburgo, s. XIV<\/figcaption><\/figure><\/div>\t\t\t<\/div>\n\t\t\t\t\t\t\t\n\t\t\t\t\t\t\t\t\t<div class=\"swiper-pagination\"><\/div>\n\t\t\t\t\t\t\t\t\t<\/div>\n\t\t\t\t\t\t<\/div>\n\t\t\t\t<\/div>\n\t\t\t\t<\/div>\n\t\t\t\t\t<\/div>\n\t\t\t\t<\/div>\n\t\t<div class=\"elementor-element elementor-element-7cd02cc e-flex e-con-boxed e-con e-parent\" data-id=\"7cd02cc\" data-element_type=\"container\" data-e-type=\"container\">\n\t\t\t\t\t<div class=\"e-con-inner\">\n\t\t\t\t<div class=\"elementor-element elementor-element-2f84c47 elementor-widget elementor-widget-text-editor\" data-id=\"2f84c47\" data-element_type=\"widget\" data-e-type=\"widget\" data-widget_type=\"text-editor.default\">\n\t\t\t\t<div class=\"elementor-widget-container\">\n\t\t\t\t\t\t\t\t\t<p><strong>Juda\u00edsmo<\/strong><\/p>\n<p dir=\"ltr\">Es la m\u00e1s antigua de las religiones abrah\u00e1micas (Juda\u00edsmo, cristianismo e Islam).<\/p>\n<p dir=\"ltr\">Hace unos 3.500 a\u00f1os al norte de la Pen\u00ednsula Ar\u00e1biga, en la zona de Mesopotamia, surgi\u00f3 la primera religi\u00f3n monote\u00edsta: el juda\u00edsmo.&nbsp;&nbsp;<\/p><p dir=\"ltr\"><br><\/p>\n<p dir=\"ltr\">Seg\u00fan la tradici\u00f3n religiosa, Abraham fue escogido por Dios y se le orden\u00f3 que abandonase su casa, sus costumbres y su religi\u00f3n (polite\u00edsta). Dios le promete que si le sigue a \u00e9l (creaci\u00f3n del Juda\u00edsmo) se convertir\u00e1 en el rey de una gran naci\u00f3n en \u201cla tierra prometida\u00bb, Cana\u00e1n, y este es el origen de la formaci\u00f3n del estado de Israel despu\u00e9s de la II Guerra Mundial:<\/p>\t\t\t\t\t\t\t\t<\/div>\n\t\t\t\t<\/div>\n\t\t\t\t\t<\/div>\n\t\t\t\t<\/div>\n\t\t<div class=\"elementor-element elementor-element-463f03c e-flex e-con-boxed e-con e-parent\" data-id=\"463f03c\" data-element_type=\"container\" data-e-type=\"container\">\n\t\t\t\t\t<div class=\"e-con-inner\">\n\t\t\t\t<div class=\"elementor-element elementor-element-31af2f8 elementor-widget elementor-widget-text-editor\" data-id=\"31af2f8\" data-element_type=\"widget\" data-e-type=\"widget\" data-widget_type=\"text-editor.default\">\n\t\t\t\t<div class=\"elementor-widget-container\">\n\t\t\t\t\t\t\t\t\t<p dir=\"ltr\">Los datos arqueol\u00f3gicos muestran que el proceso fue mucho m\u00e1s lento: la conquista de Cana\u00e1n (la tierra que seg\u00fan el texto b\u00edblico Dios prometi\u00f3 a los descendientes de Abraham) dur\u00f3 varios siglos y el abandono del polite\u00edsmo tambi\u00e9n.<\/p><p dir=\"ltr\">Poco a poco, surgi\u00f3 el Reino de Israel, el cual acab\u00f3 formando parte del Imperio Romano. Despu\u00e9s de varios intentos de independencia por parte de los jud\u00edos, los romanos destruyeron el templo de Jerusal\u00e9n. Esto provoc\u00f3 la \u201cdi\u00e1spora\u201d y muchos jud\u00edos huyeron por todo el Mediterr\u00e1neo. Por eso, encontraremos jud\u00edos en todas las ciudades importantes.<\/p>\t\t\t\t\t\t\t\t<\/div>\n\t\t\t\t<\/div>\n\t\t\t\t\t<\/div>\n\t\t\t\t<\/div>\n\t\t<div class=\"elementor-element elementor-element-tm7hd3q e-flex e-con-boxed e-con e-parent\" data-id=\"tm7hd3q\" data-element_type=\"container\" data-e-type=\"container\">\n\t\t\t\t\t<div class=\"e-con-inner\">\n\t\t<div class=\"elementor-element elementor-element-e11e509 e-con-full e-flex e-con e-child\" data-id=\"e11e509\" data-element_type=\"container\" data-e-type=\"container\">\n\t\t\t\t<div class=\"elementor-element elementor-element-996c2ac elementor-arrows-position-outside elementor-widget elementor-widget-image-carousel\" data-id=\"996c2ac\" data-element_type=\"widget\" data-e-type=\"widget\" data-settings=\"{&quot;slides_to_show&quot;:&quot;3&quot;,&quot;slides_to_scroll&quot;:&quot;1&quot;,&quot;navigation&quot;:&quot;arrows&quot;,&quot;slides_to_show_tablet&quot;:&quot;2&quot;,&quot;slides_to_show_mobile&quot;:&quot;1&quot;,&quot;autoplay&quot;:&quot;no&quot;,&quot;infinite&quot;:&quot;yes&quot;,&quot;speed&quot;:500,&quot;image_spacing_custom&quot;:{&quot;unit&quot;:&quot;px&quot;,&quot;size&quot;:20,&quot;sizes&quot;:[]},&quot;image_spacing_custom_tablet&quot;:{&quot;unit&quot;:&quot;px&quot;,&quot;size&quot;:&quot;&quot;,&quot;sizes&quot;:[]}}\" data-widget_type=\"image-carousel.default\">\n\t\t\t\t<div class=\"elementor-widget-container\">\n\t\t\t\t\t\t\t<div class=\"elementor-image-carousel-wrapper swiper\" role=\"region\" aria-roledescription=\"carousel\" aria-label=\"Carrusel de im\u00e1genes\" dir=\"ltr\">\n\t\t\t<div class=\"elementor-image-carousel swiper-wrapper swiper-image-stretch\" aria-live=\"polite\">\n\t\t\t\t\t\t\t\t<div class=\"swiper-slide\" role=\"group\" aria-roledescription=\"slide\" aria-label=\"1 de 7\" data-no-translation-aria-label=\"\"><figure class=\"swiper-slide-inner\"><img decoding=\"async\" class=\"swiper-slide-image\" src=\"https:\/\/racodelacalma.com\/wp-content\/uploads\/elementor\/thumbs\/Westernwall2-scaled-qo1xh799cgr14xppzwm64jssz64dl8ajh8ya7etl3s.jpg\" alt=\"Muro de las lamentaciones, espacio de culto para los jud\u00edos\" \/><figcaption class=\"elementor-image-carousel-caption\">Muro de las lamentaciones, espacio de culto para los jud\u00edos<\/figcaption><\/figure><\/div><div class=\"swiper-slide\" role=\"group\" aria-roledescription=\"slide\" aria-label=\"2 de 7\" data-no-translation-aria-label=\"\"><figure class=\"swiper-slide-inner\"><img decoding=\"async\" class=\"swiper-slide-image\" src=\"https:\/\/racodelacalma.com\/wp-content\/uploads\/elementor\/thumbs\/Old_City_Jerusalem-qo1xj3vh7dcyogy1v89xokhgcaq674uy2okq8lzuhk.jpg\" alt=\"La &quot;ciudad vieja&quot; de Jerusal\u00e9n\" \/><figcaption class=\"elementor-image-carousel-caption\">La \"ciudad vieja\" de Jerusal\u00e9n<\/figcaption><\/figure><\/div><div class=\"swiper-slide\" role=\"group\" aria-roledescription=\"slide\" aria-label=\"3 de 7\" data-no-translation-aria-label=\"\"><figure class=\"swiper-slide-inner\"><img decoding=\"async\" class=\"swiper-slide-image\" src=\"https:\/\/racodelacalma.com\/wp-content\/uploads\/elementor\/thumbs\/Church_of_the_Holy_Sepulchre-qo1ywhca72y6j386k2lg5ly3nxd9irvd727wqusdnc.jpg\" alt=\"Iglesia del Santo Sepulcro (Jerusal\u00e9n)\" \/><figcaption class=\"elementor-image-carousel-caption\">Iglesia del Santo Sepulcro (Jerusal\u00e9n)<\/figcaption><\/figure><\/div><div class=\"swiper-slide\" role=\"group\" aria-roledescription=\"slide\" aria-label=\"4 de 7\" data-no-translation-aria-label=\"\"><figure class=\"swiper-slide-inner\"><img decoding=\"async\" class=\"swiper-slide-image\" src=\"https:\/\/racodelacalma.com\/wp-content\/uploads\/elementor\/thumbs\/The_Church_of_the_Holy_Sepulchre-Jerusalem-scaled-qo1z0nqgkko24p5q5vlr8jzupkrzqcgf3qllj4ldzs.jpeg\" alt=\"Iglesia del Santo Sepulcro (de Jes\u00fas)\" \/><figcaption class=\"elementor-image-carousel-caption\">Iglesia del Santo Sepulcro (de Jes\u00fas)<\/figcaption><\/figure><\/div><div class=\"swiper-slide\" role=\"group\" aria-roledescription=\"slide\" aria-label=\"5 de 7\" data-no-translation-aria-label=\"\"><figure class=\"swiper-slide-inner\"><img decoding=\"async\" class=\"swiper-slide-image\" src=\"https:\/\/racodelacalma.com\/wp-content\/uploads\/elementor\/thumbs\/Jerusalem-Felsendom-20-hinter_Kettendom-2010-gje-scaled-qo1z43t5mpdwp85i1d8idoop4fsfye4zkspovnhf6g.jpg\" alt=\"C\u00fapula de la Roca (s. XI)\" \/><figcaption class=\"elementor-image-carousel-caption\">C\u00fapula de la Roca (s. XI)<\/figcaption><\/figure><\/div><div class=\"swiper-slide\" role=\"group\" aria-roledescription=\"slide\" aria-label=\"6 de 7\" data-no-translation-aria-label=\"\"><figure class=\"swiper-slide-inner\"><img decoding=\"async\" class=\"swiper-slide-image\" src=\"https:\/\/racodelacalma.com\/wp-content\/uploads\/elementor\/thumbs\/Koln-Tora-und-Innenansicht-Synagoge-Glockengasse-040-qo1z9oym9919ps1bes6o79xc8w8zpmbjogblkv766w.jpeg\" alt=\"Ahora, los 5 primeros libros de la Biblia hebrea\" \/><figcaption class=\"elementor-image-carousel-caption\">Ahora, los 5 primeros libros de la Biblia hebrea<\/figcaption><\/figure><\/div><div class=\"swiper-slide\" role=\"group\" aria-roledescription=\"slide\" aria-label=\"7 de 7\" data-no-translation-aria-label=\"\"><figure class=\"swiper-slide-inner\"><img decoding=\"async\" class=\"swiper-slide-image\" src=\"https:\/\/racodelacalma.com\/wp-content\/uploads\/elementor\/thumbs\/Koran-qo1zcayh8olxys8s5wtd4m7fnfdp3copddk5kjbswo.png\" alt=\"Imagen de un Cor\u00e1n\" \/><figcaption class=\"elementor-image-carousel-caption\">Imagen de un Cor\u00e1n<\/figcaption><\/figure><\/div>\t\t\t<\/div>\n\t\t\t\t\t\t\t\t\t\t\t\t<div class=\"elementor-swiper-button elementor-swiper-button-prev\" role=\"button\" tabindex=\"0\">\n\t\t\t\t\t\t<svg aria-hidden=\"true\" class=\"e-font-icon-svg e-eicon-chevron-left\" viewbox=\"0 0 1000 1000\" xmlns=\"http:\/\/www.w3.org\/2000\/svg\"><path d=\"M646 125C629 125 613 133 604 142L308 442C296 454 292 471 292 487 292 504 296 521 308 533L604 854C617 867 629 875 646 875 663 875 679 871 692 858 704 846 713 829 713 812 713 796 708 779 692 767L438 487 692 225C700 217 708 204 708 187 708 171 704 154 692 142 675 129 663 125 646 125Z\"><\/path><\/svg>\t\t\t\t\t<\/div>\n\t\t\t\t\t<div class=\"elementor-swiper-button elementor-swiper-button-next\" role=\"button\" tabindex=\"0\">\n\t\t\t\t\t\t<svg aria-hidden=\"true\" class=\"e-font-icon-svg e-eicon-chevron-right\" viewbox=\"0 0 1000 1000\" xmlns=\"http:\/\/www.w3.org\/2000\/svg\"><path d=\"M696 533C708 521 713 504 713 487 713 471 708 454 696 446L400 146C388 133 375 125 354 125 338 125 325 129 313 142 300 154 292 171 292 187 292 204 296 221 308 233L563 492 304 771C292 783 288 800 288 817 288 833 296 850 308 863 321 871 338 875 354 875 371 875 388 867 400 854L696 533Z\"><\/path><\/svg>\t\t\t\t\t<\/div>\n\t\t\t\t\n\t\t\t\t\t\t\t\t\t<\/div>\n\t\t\t\t\t\t<\/div>\n\t\t\t\t<\/div>\n\t\t\t\t<div class=\"elementor-element elementor-element-a8d3443 elementor-widget elementor-widget-image-box\" data-id=\"a8d3443\" data-element_type=\"widget\" data-e-type=\"widget\" data-widget_type=\"image-box.default\">\n\t\t\t\t<div class=\"elementor-widget-container\">\n\t\t\t\t\t<div class=\"elementor-image-box-wrapper\"><div class=\"elementor-image-box-content\"><h2 class=\"elementor-image-box-title\">Cristianismo<\/h2><p class=\"elementor-image-box-description\">Uno de estos jud\u00edos fue Jes\u00fas. Seg\u00fan sus seguidores, era el hijo de Dios, que hab\u00eda llegado hace unos 2.000 a\u00f1os para salvar a la humanidad del \u201cpecado original\u201d cometido por Ad\u00e1n y Eva, los primeros humanos -seg\u00fan lo que creen jud\u00edos, cristianos y musulmanes-cuando comen del fruto del \u00e1rbol prohibido y son expulsados del para\u00edso.\n\nEs crucificado por los romanos, que creen que quiere ser el \u201crey\u201d de los jud\u00edos y liderar una revuelta. Los cristianos creen que habla del \u201creino de Dios\u201d (el cielo).\nLos cristianos, por lo tanto, surgieron como una rama del Juda\u00edsmo y aceptan la tradici\u00f3n jud\u00eda anterior: el texto religioso de los jud\u00edos (los cristianos lo llaman Antiguo Testamento de la Biblia) y le suman todas las ense\u00f1anzas que los disc\u00edpulos de Jes\u00fas ponen por escrito y que se llama Nuevo Testamento de la Biblia.<br>\nCalendario: el calendario occidental se basa en la fecha de nacimiento (supuesta) de Jes\u00fas. Este hecho marca los eventos en antes de Jes\u00fas\/Cristo (aC) y despu\u00e9s de Jes\u00fas\/Cristo (dC).<\/p><\/div><\/div>\t\t\t\t<\/div>\n\t\t\t\t<\/div>\n\t\t\t\t<\/div>\n\t\t\t\t\t<\/div>\n\t\t\t\t<\/div>\n\t\t<div class=\"elementor-element elementor-element-5r6jnjg e-flex e-con-boxed e-con e-parent\" data-id=\"5r6jnjg\" data-element_type=\"container\" data-e-type=\"container\">\n\t\t\t\t\t<div class=\"e-con-inner\">\n\t\t<div class=\"elementor-element elementor-element-b71e4eb e-con-full e-flex e-con e-child\" data-id=\"b71e4eb\" data-element_type=\"container\" data-e-type=\"container\">\n\t\t\t\t<div class=\"elementor-element elementor-element-52d103b elementor-widget elementor-widget-image-box\" data-id=\"52d103b\" data-element_type=\"widget\" data-e-type=\"widget\" data-widget_type=\"image-box.default\">\n\t\t\t\t<div class=\"elementor-widget-container\">\n\t\t\t\t\t<div class=\"elementor-image-box-wrapper\"><div class=\"elementor-image-box-content\"><h2 class=\"elementor-image-box-title\">El Islam<\/h2><p class=\"elementor-image-box-description\"><span style=\"background-color: transparent;font-family: Arial, sans-serif;font-size: 12pt;font-style: inherit;font-weight: inherit;text-align: justify;letter-spacing: var( --e-global-typography-text-letter-spacing );text-transform: var( --e-global-typography-text-text-transform );word-spacing: var( --e-global-typography-text-word-spacing )\">A la Pen\u00ednsula Ar\u00e0biga entorn del 610 dC, segons la creen\u00e7a dels musulmans, Mahoma va rebre l\u2019anunci de D\u00e9u a trav\u00e9s de l\u2019arc\u00e0ngel Gabriel de memoritzar la paraula de D\u00e9u i plasmar-la a l\u2019Alcor\u00e0, que vol dir \u201crecitaci\u00f3\u201d en \u00e0rab.<\/span><\/p><\/div><\/div>\t\t\t\t<\/div>\n\t\t\t\t<\/div>\n\t\t\t\t<\/div>\n\t\t\t\t\t<\/div>\n\t\t\t\t<\/div>\n\t\t<div class=\"elementor-element elementor-element-4c31c28 e-flex e-con-boxed e-con e-parent\" data-id=\"4c31c28\" data-element_type=\"container\" data-e-type=\"container\">\n\t\t\t\t\t<div class=\"e-con-inner\">\n\t\t\t\t<div class=\"elementor-element elementor-element-fd372c3 elementor-widget elementor-widget-text-editor\" data-id=\"fd372c3\" data-element_type=\"widget\" data-e-type=\"widget\" data-widget_type=\"text-editor.default\">\n\t\t\t\t<div class=\"elementor-widget-container\">\n\t\t\t\t\t\t\t\t\t<p dir=\"ltr\">El Islam es una s\u00edntesis de cristianismo y juda\u00edsmo, con sus propias particularidades como los 5 pilares del Islam, que veremos m\u00e1s adelante.\u00a0<\/p><p dir=\"ltr\">\u00a0<\/p><p dir=\"ltr\">Las tres religiones comparten una historia y unas ra\u00edces comunes, reconociendo a Abraham como una figura patriarcal fundamental. Todas ellas son religiones monote\u00edstas, es decir, creen en un solo Dios.<\/p><p dir=\"ltr\">\u00a0<\/p><ul><li dir=\"ltr\" aria-level=\"1\"><p dir=\"ltr\" role=\"presentation\">Todas aparecen en la Pen\u00ednsula Ar\u00e1biga, aunque en momentos diferentes.<\/p><\/li><li dir=\"ltr\" aria-level=\"1\"><p dir=\"ltr\" role=\"presentation\">\u00a0\u00a0\u00a0Las tres creen en lo que se dice en el Antiguo Testamento, es decir, en el origen de la Humanidad con Ad\u00e1n y Eva en el para\u00edso, tambi\u00e9n creen en los profetas Abraham, No\u00e9\u2026<\/p><\/li><\/ul><p dir=\"ltr\">\u00a0El cristianismo surge como una escisi\u00f3n dentro del juda\u00edsmo, pero los jud\u00edos no creen en la figura de Jes\u00fas. Para el Islam, en cambio, es un profeta m\u00e1s, pero no el hijo de Dios y tampoco el profeta m\u00e1s importante, ya que este es Mahoma\/Mohamed.<\/p><p dir=\"ltr\">\u00a0<\/p><p dir=\"ltr\" style=\"line-height: 1.56; margin-top: 0pt; margin-bottom: 0pt;\">\u00a0<\/p>\t\t\t\t\t\t\t\t<\/div>\n\t\t\t\t<\/div>\n\t\t\t\t\t<\/div>\n\t\t\t\t<\/div>\n\t\t<div class=\"elementor-element elementor-element-9d268a3 e-flex e-con-boxed e-con e-parent\" data-id=\"9d268a3\" data-element_type=\"container\" data-e-type=\"container\">\n\t\t\t\t\t<div class=\"e-con-inner\">\n\t\t\t\t<div class=\"elementor-element elementor-element-4554374 elementor-widget elementor-widget-heading\" data-id=\"4554374\" data-element_type=\"widget\" data-e-type=\"widget\" data-widget_type=\"heading.default\">\n\t\t\t\t<div class=\"elementor-widget-container\">\n\t\t\t\t\t<h2 class=\"elementor-heading-title elementor-size-default\">La Pen\u00ednsula Ar\u00e1biga antes del Islam<\/h2>\t\t\t\t<\/div>\n\t\t\t\t<\/div>\n\t\t\t\t\t<\/div>\n\t\t\t\t<\/div>\n\t\t<div class=\"elementor-element elementor-element-a0547b7 e-flex e-con-boxed e-con e-parent\" data-id=\"a0547b7\" data-element_type=\"container\" data-e-type=\"container\">\n\t\t\t\t\t<div class=\"e-con-inner\">\n\t\t\t\t<div class=\"elementor-element elementor-element-0331d0e elementor-widget elementor-widget-text-editor\" data-id=\"0331d0e\" data-element_type=\"widget\" data-e-type=\"widget\" data-widget_type=\"text-editor.default\">\n\t\t\t\t<div class=\"elementor-widget-container\">\n\t\t\t\t\t\t\t\t\t<p dir=\"ltr\">Antes del surgimiento del Islam en el siglo [insertar siglo] en la Pen\u00ednsula Ar\u00e1biga, hab\u00eda cristianos, jud\u00edos y personas que practicaban el polite\u00edsmo. El Islam obtiene influencias de todas estas religiones.\u00a0<\/p>\t\t\t\t\t\t\t\t<\/div>\n\t\t\t\t<\/div>\n\t\t\t\t\t<\/div>\n\t\t\t\t<\/div>\n\t\t<div class=\"elementor-element elementor-element-673f140 e-flex e-con-boxed e-con e-parent\" data-id=\"673f140\" data-element_type=\"container\" data-e-type=\"container\">\n\t\t\t\t\t<div class=\"e-con-inner\">\n\t\t\t\t<div class=\"elementor-element elementor-element-6a327d3 elementor-widget elementor-widget-text-editor\" data-id=\"6a327d3\" data-element_type=\"widget\" data-e-type=\"widget\" data-widget_type=\"text-editor.default\">\n\t\t\t\t<div class=\"elementor-widget-container\">\n\t\t\t\t\t\t\t\t\t<p dir=\"ltr\">En el desierto hab\u00eda pueblos n\u00f3madas, los beduinos, que se dedicaban al comercio caravanero y al pastoreo. Eran tribus independientes lideradas por un \u00abjeque\u00bb. En la costa, en cambio, encontramos tierras f\u00e9rtiles que permiten la agricultura y la ganader\u00eda, por lo que se pueden crear asentamientos estables. Hab\u00eda ciudades muy ricas por el comercio, como Yemen.\u00a0<\/p>\t\t\t\t\t\t\t\t<\/div>\n\t\t\t\t<\/div>\n\t\t\t\t\t<\/div>\n\t\t\t\t<\/div>\n\t\t<div class=\"elementor-element elementor-element-b7c5407 e-flex e-con-boxed e-con e-parent\" data-id=\"b7c5407\" data-element_type=\"container\" data-e-type=\"container\">\n\t\t\t\t\t<div class=\"e-con-inner\">\n\t\t\t\t<div class=\"elementor-element elementor-element-e1907a7 elementor-widget elementor-widget-text-editor\" data-id=\"e1907a7\" data-element_type=\"widget\" data-e-type=\"widget\" data-widget_type=\"text-editor.default\">\n\t\t\t\t<div class=\"elementor-widget-container\">\n\t\t\t\t\t\t\t\t\t<p dir=\"ltr\">A pesar de las grandes diferencias culturales, tienen ciertas caracter\u00edsticas comunes:\u00a0<\/p><ul><li dir=\"ltr\" aria-level=\"1\"><p dir=\"ltr\" role=\"presentation\">Son polite\u00edstas, es decir, creen en muchos dioses.\u00a0<\/p><\/li><li dir=\"ltr\" aria-level=\"1\"><p dir=\"ltr\" role=\"presentation\">Hablan \u00e1rabe.<\/p><\/li><li dir=\"ltr\" aria-level=\"1\"><p dir=\"ltr\" role=\"presentation\">Rinden culto a la Piedra Negra, la Kaaba, y realizan peregrinaje.<\/p><\/li><\/ul><p dir=\"ltr\">Adem\u00e1s, la Pen\u00ednsula se encontraba en un paso para rutas comerciales importantes entre Oriente y Occidente y limita con el rico continente africano. Por lo cual se encuentra entre diferentes imperios muy importantes del momento: el imperio Persa Sas\u00e1nida y el imperio Bizantino, as\u00ed como con poblaciones cristianas y jud\u00edas que viven en las ciudades importantes.<\/p>\t\t\t\t\t\t\t\t<\/div>\n\t\t\t\t<\/div>\n\t\t\t\t\t<\/div>\n\t\t\t\t<\/div>\n\t\t<div class=\"elementor-element elementor-element-02e8fee e-flex e-con-boxed e-con e-parent\" data-id=\"02e8fee\" data-element_type=\"container\" data-e-type=\"container\">\n\t\t\t\t\t<div class=\"e-con-inner\">\n\t\t\t\t<div class=\"elementor-element elementor-element-17f5934 elementor-widget elementor-widget-heading\" data-id=\"17f5934\" data-element_type=\"widget\" data-e-type=\"widget\" data-widget_type=\"heading.default\">\n\t\t\t\t<div class=\"elementor-widget-container\">\n\t\t\t\t\t<h2 class=\"elementor-heading-title elementor-size-default\">El surgimiento del Islam<\/h2>\t\t\t\t<\/div>\n\t\t\t\t<\/div>\n\t\t\t\t\t<\/div>\n\t\t\t\t<\/div>\n\t\t<div class=\"elementor-element elementor-element-8348255 e-flex e-con-boxed e-con e-parent\" data-id=\"8348255\" data-element_type=\"container\" data-e-type=\"container\">\n\t\t\t\t\t<div class=\"e-con-inner\">\n\t\t\t\t<div class=\"elementor-element elementor-element-6f49624 elementor-widget elementor-widget-text-editor\" data-id=\"6f49624\" data-element_type=\"widget\" data-e-type=\"widget\" data-widget_type=\"text-editor.default\">\n\t\t\t\t<div class=\"elementor-widget-container\">\n\t\t\t\t\t\t\t\t\t<p dir=\"ltr\">Mahoma, el fundador del Islam, nace en el a\u00f1o 570 en la ciudad de La Meca en una familia acomodada, pero se queda hu\u00e9rfano a los seis a\u00f1os. Con el tiempo, se pone a trabajar de comerciante de caravanas para una rica viuda llamada Jadiya, con quien se casa a los 26 a\u00f1os.<\/p><p dir=\"ltr\">\u00a0<\/p><p dir=\"ltr\">Un d\u00eda, meditando en el monte Hira alrededor del 610, seg\u00fan la tradici\u00f3n isl\u00e1mica, vio al Arc\u00e1ngel Gabriel, quien le orden\u00f3 memorizar y recitar los versos del Cor\u00e1n, el texto sagrado isl\u00e1mico. Por este motivo \u201cCor\u00e1n\u201d significa recitaci\u00f3n.<\/p><p dir=\"ltr\">\u00a0<\/p><p dir=\"ltr\">El libro es una recopilaci\u00f3n de informaci\u00f3n de la Biblia con actualizaciones propias de la nueva religi\u00f3n (ya que las tres religiones, como hemos dicho, tienen un origen com\u00fan) y tiene 114 suras (cap\u00edtulos) divididos en vers\u00edculos.<\/p>\t\t\t\t\t\t\t\t<\/div>\n\t\t\t\t<\/div>\n\t\t\t\t\t<\/div>\n\t\t\t\t<\/div>\n\t\t<div class=\"elementor-element elementor-element-615e356 e-flex e-con-boxed e-con e-parent\" data-id=\"615e356\" data-element_type=\"container\" data-e-type=\"container\" data-settings=\"{&quot;background_background&quot;:&quot;classic&quot;}\">\n\t\t\t\t\t<div class=\"e-con-inner\">\n\t\t\t\t<div class=\"elementor-element elementor-element-7ee01b8 elementor-widget elementor-widget-text-editor\" data-id=\"7ee01b8\" data-element_type=\"widget\" data-e-type=\"widget\" data-widget_type=\"text-editor.default\">\n\t\t\t\t<div class=\"elementor-widget-container\">\n\t\t\t\t\t\t\t\t\t<p dir=\"ltr\">La H\u00e9gira (622 d.C.)<\/p><p dir=\"ltr\"><br><\/p>\n<p dir=\"ltr\">Mahoma, perseguido por los dirigentes de la Meca a los que no les gustan las ense\u00f1anzas del profeta, huye a Yatrib -Medina-. Este hecho marca el inicio del calendario musulm\u00e1n. All\u00ed se convertir\u00e1 en el l\u00edder pol\u00edtico y religioso e iniciar\u00e1 una importante expansi\u00f3n territorial hasta conquistar la Meca en el a\u00f1o 630 d.C. A su muerte en el a\u00f1o 632, una parte importante de Arabia ya era musulmana.<\/p>\t\t\t\t\t\t\t\t<\/div>\n\t\t\t\t<\/div>\n\t\t\t\t\t<\/div>\n\t\t\t\t<\/div>\n\t\t<div class=\"elementor-element elementor-element-05a769b e-flex e-con-boxed e-con e-parent\" data-id=\"05a769b\" data-element_type=\"container\" data-e-type=\"container\">\n\t\t\t\t\t<div class=\"e-con-inner\">\n\t\t\t\t<div class=\"elementor-element elementor-element-9a7fbd1 elementor-widget elementor-widget-heading\" data-id=\"9a7fbd1\" data-element_type=\"widget\" data-e-type=\"widget\" data-widget_type=\"heading.default\">\n\t\t\t\t<div class=\"elementor-widget-container\">\n\t\t\t\t\t<h2 class=\"elementor-heading-title elementor-size-default\">La creaci\u00f3n de un gran imperio y la aparici\u00f3n de Al-\u00c1ndalus<\/h2>\t\t\t\t<\/div>\n\t\t\t\t<\/div>\n\t\t\t\t\t<\/div>\n\t\t\t\t<\/div>\n\t\t<div class=\"elementor-element elementor-element-d7c08d3 e-flex e-con-boxed e-con e-parent\" data-id=\"d7c08d3\" data-element_type=\"container\" data-e-type=\"container\">\n\t\t\t\t\t<div class=\"e-con-inner\">\n\t\t\t\t<div class=\"elementor-element elementor-element-69b4d73 elementor-widget elementor-widget-text-editor\" data-id=\"69b4d73\" data-element_type=\"widget\" data-e-type=\"widget\" data-widget_type=\"text-editor.default\">\n\t\t\t\t<div class=\"elementor-widget-container\">\n\t\t\t\t\t\t\t\t\t<p dir=\"ltr\">A la mort de Mahoma\/Mohamed els seus successors inicien una conquesta territorial molt r\u00e0pida degut en part a l\u2019atracci\u00f3 que exercia la nova religi\u00f3 entre la poblaci\u00f3 i l\u2019esgotament que hi havia als imperis ve\u00efns: Bizanci i l\u2019Imperi Sass\u00e0nida.\u00a0<\/p>\t\t\t\t\t\t\t\t<\/div>\n\t\t\t\t<\/div>\n\t\t\t\t\t<\/div>\n\t\t\t\t<\/div>\n\t\t<div class=\"elementor-element elementor-element-31e8de9 e-flex e-con-boxed e-con e-parent\" data-id=\"31e8de9\" data-element_type=\"container\" data-e-type=\"container\">\n\t\t\t\t\t<div class=\"e-con-inner\">\n\t\t\t\t<div class=\"elementor-element elementor-element-1ff1e63 elementor-widget elementor-widget-text-editor\" data-id=\"1ff1e63\" data-element_type=\"widget\" data-e-type=\"widget\" data-widget_type=\"text-editor.default\">\n\t\t\t\t<div class=\"elementor-widget-container\">\n\t\t\t\t\t\t\t\t\t<p dir=\"ltr\"><b>El califato ortodoxo (632-661):<\/b><\/p>\n<p dir=\"ltr\">Los sucesores de Mahoma fueron elegidos entre los familiares y amigos de este; adoptaron el t\u00edtulo de califa o \u00absucesor del mensajero de Dios\u00bb; y residieron en Medina. En este per\u00edodo, el islam se extendi\u00f3 por Siria, Palestina, Egipto, parte del norte de \u00c1frica, Mesopotamia y Persia.<\/p>\t\t\t\t\t\t\t\t<\/div>\n\t\t\t\t<\/div>\n\t\t\t\t\t<\/div>\n\t\t\t\t<\/div>\n\t\t<div class=\"elementor-element elementor-element-f208662 e-flex e-con-boxed e-con e-parent\" data-id=\"f208662\" data-element_type=\"container\" data-e-type=\"container\">\n\t\t\t\t\t<div class=\"e-con-inner\">\n\t\t\t\t<div class=\"elementor-element elementor-element-f8642ca elementor-widget elementor-widget-text-editor\" data-id=\"f8642ca\" data-element_type=\"widget\" data-e-type=\"widget\" data-widget_type=\"text-editor.default\">\n\t\t\t\t<div class=\"elementor-widget-container\">\n\t\t\t\t\t\t\t\t\t<p dir=\"ltr\"><b>El califato omeya (661-750):<\/b><\/p>\n<p dir=\"ltr\">Se implant\u00f3 la sucesi\u00f3n hereditaria en la familia de los Omeyas, y la capital del califato se traslad\u00f3 a Damasco. El imperio musulm\u00e1n alcanz\u00f3 en este momento su m\u00e1xima expansi\u00f3n al extenderse por el oeste hacia el norte de \u00c1frica y la pen\u00ednsula ib\u00e9rica, y hasta Turquest\u00e1n y el valle del Indo, por el este.<\/p>\t\t\t\t\t\t\t\t<\/div>\n\t\t\t\t<\/div>\n\t\t\t\t\t<\/div>\n\t\t\t\t<\/div>\n\t\t<div class=\"elementor-element elementor-element-5822442 e-flex e-con-boxed e-con e-parent\" data-id=\"5822442\" data-element_type=\"container\" data-e-type=\"container\">\n\t\t\t\t\t<div class=\"e-con-inner\">\n\t\t\t\t<div class=\"elementor-element elementor-element-5ae7ed2 elementor-widget elementor-widget-text-editor\" data-id=\"5ae7ed2\" data-element_type=\"widget\" data-e-type=\"widget\" data-widget_type=\"text-editor.default\">\n\t\t\t\t<div class=\"elementor-widget-container\">\n\t\t\t\t\t\t\t\t\t<p dir=\"ltr\"><b>El califato abas\u00ed (750-1055):<\/b><\/p><p dir=\"ltr\">Despu\u00e9s del destronamiento de los omeyas por parte de la dinast\u00eda abas\u00ed, la capital se traslad\u00f3 a Bagdad; y, despu\u00e9s de las conquistas de Creta y de Sicilia, la expansi\u00f3n musulmana se detuvo. Finalmente, los turcos conquistaron el califato en el a\u00f1o 1055, aunque los reyes abas\u00edes se mantuvieron bajo el dominio turco hasta la toma de Bagdad por los mongoles, en el a\u00f1o 1258.<\/p><p>.<\/p>\t\t\t\t\t\t\t\t<\/div>\n\t\t\t\t<\/div>\n\t\t\t\t\t<\/div>\n\t\t\t\t<\/div>\n\t\t<div class=\"elementor-element elementor-element-cee8810 e-flex e-con-boxed e-con e-parent\" data-id=\"cee8810\" data-element_type=\"container\" data-e-type=\"container\">\n\t\t\t\t\t<div class=\"e-con-inner\">\n\t\t\t\t<div class=\"elementor-element elementor-element-db56217 elementor-widget elementor-widget-heading\" data-id=\"db56217\" data-element_type=\"widget\" data-e-type=\"widget\" data-widget_type=\"heading.default\">\n\t\t\t\t<div class=\"elementor-widget-container\">\n\t\t\t\t\t<h2 class=\"elementor-heading-title elementor-size-default\">Al-\u00c1ndalus<\/h2>\t\t\t\t<\/div>\n\t\t\t\t<\/div>\n\t\t\t\t\t<\/div>\n\t\t\t\t<\/div>\n\t\t<div class=\"elementor-element elementor-element-fedeee3 e-flex e-con-boxed e-con e-parent\" data-id=\"fedeee3\" data-element_type=\"container\" data-e-type=\"container\">\n\t\t\t\t\t<div class=\"e-con-inner\">\n\t\t\t\t<div class=\"elementor-element elementor-element-286821f elementor-widget elementor-widget-text-editor\" data-id=\"286821f\" data-element_type=\"widget\" data-e-type=\"widget\" data-widget_type=\"text-editor.default\">\n\t\t\t\t<div class=\"elementor-widget-container\">\n\t\t\t\t\t\t\t\t\t<p dir=\"ltr\">Cuando los musulmanes llegan a la Pen\u00ednsula, se encuentran con que el reino Visigodo est\u00e1 en decadencia, ya que acaban de pasar una guerra civil: a la muerte del rey visigodo V\u00edtiza (710) se enfrentan los partidarios del hijo, \u00c0khila, y los del noble Rodrigo. Rodrigo gana la guerra y se convierte en rey, pero los partidarios de \u00c0khila, piden ayuda al gobernador musulm\u00e1n del Norte de \u00c1frica, el cual en 711 env\u00eda un peque\u00f1o ej\u00e9rcito comandado por Tariq. Cuando cruzan el Estrecho de Gibraltar vencen a Rodrigo en la Batalla de Guadalete.<\/p><p dir=\"ltr\">\u00a0<\/p><p dir=\"ltr\">Aprovechando las rivalidades entre los nobles visigodos, el empobrecimiento por la guerra y el cansancio de la poblaci\u00f3n hispanovisigoda, los musulmanes atraviesan r\u00e1pidamente la Pen\u00ednsula, poni\u00e9ndola bajo su dominio a partir de pactos con los nobles visigodos y alguna batalla. No obtienen pr\u00e1cticamente resistencia. En el 722 controlan la Pen\u00ednsula Ib\u00e9rica (excepto la Cordillera Cant\u00e1brica, donde se encuentra un n\u00facleo de resistencia hispanovisig\u00f3tica que dar\u00e1 origen con el tiempo al Reino de Asturias).\u00a0<\/p><p dir=\"ltr\">\u00a0<\/p><p>Los musulmanes siguen su avance hacia Europa hasta que en 732 son detenidos por los francos en la Batalla de Poitiers, cuando ya hab\u00edan conquistado una parte importante del territorio franco. Carlomagno (rey franco creador del Imperio Carolingio) expulsa a los musulmanes al sur de los Pirineos y crea un territorio fronterizo llamado la Marca Hisp\u00e1nica, que dividir\u00e1 en condados. De aqu\u00ed surgir\u00e1n los condados catalanes y aragoneses.<\/p>\t\t\t\t\t\t\t\t<\/div>\n\t\t\t\t<\/div>\n\t\t\t\t\t<\/div>\n\t\t\t\t<\/div>\n\t\t<div class=\"elementor-element elementor-element-f04574e e-flex e-con-boxed e-con e-parent\" data-id=\"f04574e\" data-element_type=\"container\" data-e-type=\"container\">\n\t\t\t\t\t<div class=\"e-con-inner\">\n\t\t\t\t<div class=\"elementor-element elementor-element-5586668 elementor-widget elementor-widget-text-editor\" data-id=\"5586668\" data-element_type=\"widget\" data-e-type=\"widget\" data-widget_type=\"text-editor.default\">\n\t\t\t\t<div class=\"elementor-widget-container\">\n\t\t\t\t\t\t\t\t\t<p dir=\"ltr\"><b>La Catalu\u00f1a andaluza<\/b><\/p><p dir=\"ltr\"><b>\u00a0<\/b><\/p><p dir=\"ltr\">\u00a0<\/p><p dir=\"ltr\">Como hemos visto, durante un breve tiempo (unos ochenta a\u00f1os) todo el territorio de la actual Catalu\u00f1a form\u00f3 parte de Al-\u00c1ndalus. Pero con la formaci\u00f3n de la Marca Hisp\u00e1nica algunos territorios (Bages, Girona) se mantuvieron bajo dominio cristiano y otros (Lleida, Tarragona) siguieron formando parte de Al-\u00c1ndalus durante 300 a\u00f1os: primero, integrados dentro del emirato y despu\u00e9s del Califato de C\u00f3rdoba. En el siglo XI con la fragmentaci\u00f3n del Califato se crearon dos reinos de Taifas muy importantes: la Taifa de Lleida y la de Tortosa.\u00a0<\/p><p dir=\"ltr\">\u00a0<\/p><p dir=\"ltr\">\u00a0<\/p><p dir=\"ltr\">Debido a su   situaci\u00f3n geogr\u00e1fica, entre la Pen\u00ednsula y Europa, se convirtieron en importantes enclaves comerciales por donde pasaban importantes rutas hacia los Pirineos y a trav\u00e9s del Ebro hacia Zaragoza, una taifa muy importante.<\/p>\t\t\t\t\t\t\t\t<\/div>\n\t\t\t\t<\/div>\n\t\t\t\t\t<\/div>\n\t\t\t\t<\/div>\n\t\t\t\t<\/div>","protected":false},"excerpt":{"rendered":"<p>El Sorgiment de l&#8217;Islam i l&#8217;aparici\u00f3 de l&#8217;Al Andalus El sorgiment de la tercera religi\u00f3 monote\u00efsta, l&#8217;Islam, va iniciar un gran imperi que a la Pen\u00ednsula es va concretar en l&#8217;Al-Andalus.&nbsp; El regadiu, la cultura de l&#8217;aigua,&nbsp; la m\u00fasica (la gralla, el flamenc, la rumba&#8230;) s\u00f3n part del llegat que ens han deixat.&nbsp; L&#8217;Islam i [&hellip;]<\/p>\n","protected":false},"author":1,"featured_media":0,"parent":1872,"menu_order":0,"comment_status":"closed","ping_status":"closed","template":"","meta":{"site-sidebar-layout":"no-sidebar","site-content-layout":"page-builder","ast-site-content-layout":"full-width-container","site-content-style":"default","site-sidebar-style":"default","ast-global-header-display":"","ast-banner-title-visibility":"","ast-main-header-display":"","ast-hfb-above-header-display":"","ast-hfb-below-header-display":"","ast-hfb-mobile-header-display":"","site-post-title":"disabled","ast-breadcrumbs-content":"","ast-featured-img":"disabled","footer-sml-layout":"","ast-disable-related-posts":"","theme-transparent-header-meta":"","adv-header-id-meta":"","stick-header-meta":"","header-above-stick-meta":"","header-main-stick-meta":"","header-below-stick-meta":"","astra-migrate-meta-layouts":"set","ast-page-background-enabled":"default","ast-page-background-meta":{"desktop":{"background-color":"var(--ast-global-color-4)","background-image":"","background-repeat":"repeat","background-position":"center center","background-size":"auto","background-attachment":"scroll","background-type":"","background-media":"","overlay-type":"","overlay-color":"","overlay-opacity":"","overlay-gradient":""},"tablet":{"background-color":"","background-image":"","background-repeat":"repeat","background-position":"center center","background-size":"auto","background-attachment":"scroll","background-type":"","background-media":"","overlay-type":"","overlay-color":"","overlay-opacity":"","overlay-gradient":""},"mobile":{"background-color":"","background-image":"","background-repeat":"repeat","background-position":"center center","background-size":"auto","background-attachment":"scroll","background-type":"","background-media":"","overlay-type":"","overlay-color":"","overlay-opacity":"","overlay-gradient":""}},"ast-content-background-meta":{"desktop":{"background-color":"var(--ast-global-color-5)","background-image":"","background-repeat":"repeat","background-position":"center center","background-size":"auto","background-attachment":"scroll","background-type":"","background-media":"","overlay-type":"","overlay-color":"","overlay-opacity":"","overlay-gradient":""},"tablet":{"background-color":"var(--ast-global-color-5)","background-image":"","background-repeat":"repeat","background-position":"center center","background-size":"auto","background-attachment":"scroll","background-type":"","background-media":"","overlay-type":"","overlay-color":"","overlay-opacity":"","overlay-gradient":""},"mobile":{"background-color":"var(--ast-global-color-5)","background-image":"","background-repeat":"repeat","background-position":"center center","background-size":"auto","background-attachment":"scroll","background-type":"","background-media":"","overlay-type":"","overlay-color":"","overlay-opacity":"","overlay-gradient":""}},"footnotes":""},"class_list":["post-2808","page","type-page","status-publish","hentry"],"yoast_head":"<!-- This site is optimized with the Yoast SEO plugin v28.4 - https:\/\/yoast.com\/product\/yoast-seo-wordpress\/ -->\n<title>El sorgiment de l&#039;Islam i la creaci\u00f3 d&#039;al Andalus - Rac\u00f3 de la calma<\/title>\n<meta name=\"description\" content=\"El sorgiment de la tercera religi\u00f3 monote\u00efsta, l&#039;Islam, va iniciar un gran imperi que a la Pen\u00ednsula es va concretar en l&#039;Al-Andalus.\" \/>\n<meta name=\"robots\" content=\"index, follow, max-snippet:-1, max-image-preview:large, max-video-preview:-1\" \/>\n<link rel=\"canonical\" href=\"https:\/\/racodelacalma.com\/inici\/es\/temarios-de-secundaria\/edad-media-y-moderna\/islam-en-al-andalus\/\" \/>\n<meta property=\"og:locale\" content=\"es_ES\" \/>\n<meta property=\"og:type\" content=\"article\" \/>\n<meta property=\"og:title\" content=\"El sorgiment de l&#039;Islam i la creaci\u00f3 d&#039;al Andalus - Rac\u00f3 de la calma\" \/>\n<meta property=\"og:description\" content=\"El sorgiment de la tercera religi\u00f3 monote\u00efsta, l&#039;Islam, va iniciar un gran imperi que a la Pen\u00ednsula es va concretar en l&#039;Al-Andalus.\" \/>\n<meta property=\"og:url\" content=\"https:\/\/racodelacalma.com\/inici\/es\/temarios-de-secundaria\/edad-media-y-moderna\/islam-en-al-andalus\/\" \/>\n<meta property=\"og:site_name\" content=\"Rac\u00f3 de la calma\" \/>\n<meta property=\"article:modified_time\" content=\"2024-05-12T13:46:20+00:00\" \/>\n<meta property=\"og:image\" content=\"https:\/\/racodelacalma.com\/wp-content\/uploads\/2024\/05\/country-house-vegetable-garden-tomatoes-2699713.jpg\" \/>\n<meta name=\"twitter:card\" content=\"summary_large_image\" \/>\n<meta name=\"twitter:label1\" content=\"Tiempo de lectura\" \/>\n\t<meta name=\"twitter:data1\" content=\"15 minutos\" \/>\n<script type=\"application\/ld+json\" class=\"yoast-schema-graph\">{\"@context\":\"https:\\\/\\\/schema.org\",\"@graph\":[{\"@type\":\"WebPage\",\"@id\":\"https:\\\/\\\/racodelacalma.com\\\/inici\\\/temaris-de-secundaria\\\/edat-mitjana-i-moderna\\\/islam-al-andalus\\\/\",\"url\":\"https:\\\/\\\/racodelacalma.com\\\/inici\\\/temaris-de-secundaria\\\/edat-mitjana-i-moderna\\\/islam-al-andalus\\\/\",\"name\":\"El sorgiment de l'Islam i la creaci\u00f3 d'al Andalus - Rac\u00f3 de la calma\",\"isPartOf\":{\"@id\":\"https:\\\/\\\/racodelacalma.com\\\/inici\\\/#website\"},\"primaryImageOfPage\":{\"@id\":\"https:\\\/\\\/racodelacalma.com\\\/inici\\\/temaris-de-secundaria\\\/edat-mitjana-i-moderna\\\/islam-al-andalus\\\/#primaryimage\"},\"image\":{\"@id\":\"https:\\\/\\\/racodelacalma.com\\\/inici\\\/temaris-de-secundaria\\\/edat-mitjana-i-moderna\\\/islam-al-andalus\\\/#primaryimage\"},\"thumbnailUrl\":\"https:\\\/\\\/racodelacalma.com\\\/wp-content\\\/uploads\\\/2024\\\/05\\\/country-house-vegetable-garden-tomatoes-2699713.jpg\",\"datePublished\":\"2024-05-06T17:10:18+00:00\",\"dateModified\":\"2024-05-12T13:46:20+00:00\",\"description\":\"El sorgiment de la tercera religi\u00f3 monote\u00efsta, l'Islam, va iniciar un gran imperi que a la Pen\u00ednsula es va concretar en l'Al-Andalus.\",\"breadcrumb\":{\"@id\":\"https:\\\/\\\/racodelacalma.com\\\/inici\\\/temaris-de-secundaria\\\/edat-mitjana-i-moderna\\\/islam-al-andalus\\\/#breadcrumb\"},\"inLanguage\":\"es\",\"potentialAction\":[{\"@type\":\"ReadAction\",\"target\":[\"https:\\\/\\\/racodelacalma.com\\\/inici\\\/temaris-de-secundaria\\\/edat-mitjana-i-moderna\\\/islam-al-andalus\\\/\"]}]},{\"@type\":\"ImageObject\",\"inLanguage\":\"es\",\"@id\":\"https:\\\/\\\/racodelacalma.com\\\/inici\\\/temaris-de-secundaria\\\/edat-mitjana-i-moderna\\\/islam-al-andalus\\\/#primaryimage\",\"url\":\"https:\\\/\\\/racodelacalma.com\\\/wp-content\\\/uploads\\\/2024\\\/05\\\/country-house-vegetable-garden-tomatoes-2699713.jpg\",\"contentUrl\":\"https:\\\/\\\/racodelacalma.com\\\/wp-content\\\/uploads\\\/2024\\\/05\\\/country-house-vegetable-garden-tomatoes-2699713.jpg\"},{\"@type\":\"BreadcrumbList\",\"@id\":\"https:\\\/\\\/racodelacalma.com\\\/inici\\\/temaris-de-secundaria\\\/edat-mitjana-i-moderna\\\/islam-al-andalus\\\/#breadcrumb\",\"itemListElement\":[{\"@type\":\"ListItem\",\"position\":1,\"name\":\"Home\",\"item\":\"https:\\\/\\\/racodelacalma.com\\\/inici\\\/\"},{\"@type\":\"ListItem\",\"position\":2,\"name\":\"Temaris de secund\u00e0ria\",\"item\":\"https:\\\/\\\/racodelacalma.com\\\/inici\\\/temaris-de-secundaria\\\/\"},{\"@type\":\"ListItem\",\"position\":3,\"name\":\"Edat Mitjana i Moderna\",\"item\":\"https:\\\/\\\/racodelacalma.com\\\/inici\\\/temaris-de-secundaria\\\/edat-mitjana-i-moderna\\\/\"},{\"@type\":\"ListItem\",\"position\":4,\"name\":\"El sorgiment de l&#8217;Islam i la creaci\u00f3 d&#8217;al Andalus\"}]},{\"@type\":\"WebSite\",\"@id\":\"https:\\\/\\\/racodelacalma.com\\\/inici\\\/#website\",\"url\":\"https:\\\/\\\/racodelacalma.com\\\/inici\\\/\",\"name\":\"Rac\u00f3 de la calma\",\"description\":\"Un espai per reflexionar sobre educaci\u00f3 inclusiva i on trobar\u00e0s materials, jocs, idees per treballar des d&#039;infantil a secund\u00e0ria... I molt m\u00e9s!\",\"publisher\":{\"@id\":\"https:\\\/\\\/racodelacalma.com\\\/inici\\\/#\\\/schema\\\/person\\\/c2b2f8c57428e873bc2e91f3d6c0abd2\"},\"alternateName\":\"racodelacalma\",\"potentialAction\":[{\"@type\":\"SearchAction\",\"target\":{\"@type\":\"EntryPoint\",\"urlTemplate\":\"https:\\\/\\\/racodelacalma.com\\\/inici\\\/?s={search_term_string}\"},\"query-input\":{\"@type\":\"PropertyValueSpecification\",\"valueRequired\":true,\"valueName\":\"search_term_string\"}}],\"inLanguage\":\"es\"},{\"@type\":[\"Person\",\"Organization\"],\"@id\":\"https:\\\/\\\/racodelacalma.com\\\/inici\\\/#\\\/schema\\\/person\\\/c2b2f8c57428e873bc2e91f3d6c0abd2\",\"name\":\"admin\",\"image\":{\"@type\":\"ImageObject\",\"inLanguage\":\"es\",\"@id\":\"https:\\\/\\\/racodelacalma.com\\\/wp-content\\\/uploads\\\/2026\\\/04\\\/Diseno-sin-titulo.png\",\"url\":\"https:\\\/\\\/racodelacalma.com\\\/wp-content\\\/uploads\\\/2026\\\/04\\\/Diseno-sin-titulo.png\",\"contentUrl\":\"https:\\\/\\\/racodelacalma.com\\\/wp-content\\\/uploads\\\/2026\\\/04\\\/Diseno-sin-titulo.png\",\"width\":1536,\"height\":1024,\"caption\":\"admin\"},\"logo\":{\"@id\":\"https:\\\/\\\/racodelacalma.com\\\/wp-content\\\/uploads\\\/2026\\\/04\\\/Diseno-sin-titulo.png\"},\"sameAs\":[\"https:\\\/\\\/racodelacalma.com\",\"https:\\\/\\\/es.pinterest.com\\\/racodelacalma10\\\/\",\"https:\\\/\\\/www.youtube.com\\\/@racodelacalma\"]}]}<\/script>\n<!-- \/ Yoast SEO plugin. -->","yoast_head_json":{"title":"El surgimiento del Islam y la creaci\u00f3n de al-Andalus - Rinc\u00f3n de la calma","description":"El surgimiento de la tercera religi\u00f3n monote\u00edsta, el Islam, inici\u00f3 un gran imperio que en la Pen\u00ednsula se concret\u00f3 en Al-\u00c1ndalus.","robots":{"index":"index","follow":"follow","max-snippet":"max-snippet:-1","max-image-preview":"max-image-preview:large","max-video-preview":"max-video-preview:-1"},"canonical":"https:\/\/racodelacalma.com\/inici\/es\/temarios-de-secundaria\/edad-media-y-moderna\/islam-en-al-andalus\/","og_locale":"es_ES","og_type":"article","og_title":"El sorgiment de l'Islam i la creaci\u00f3 d'al Andalus - Rac\u00f3 de la calma","og_description":"El sorgiment de la tercera religi\u00f3 monote\u00efsta, l'Islam, va iniciar un gran imperi que a la Pen\u00ednsula es va concretar en l'Al-Andalus.","og_url":"https:\/\/racodelacalma.com\/inici\/es\/temarios-de-secundaria\/edad-media-y-moderna\/islam-en-al-andalus\/","og_site_name":"Rac\u00f3 de la calma","article_modified_time":"2024-05-12T13:46:20+00:00","og_image":[{"url":"https:\/\/racodelacalma.com\/wp-content\/uploads\/2024\/05\/country-house-vegetable-garden-tomatoes-2699713.jpg","type":"","width":"","height":""}],"twitter_card":"summary_large_image","twitter_misc":{"Tiempo de lectura":"15 minutos"},"schema":{"@context":"https:\/\/schema.org","@graph":[{"@type":"WebPage","@id":"https:\/\/racodelacalma.com\/inici\/temaris-de-secundaria\/edat-mitjana-i-moderna\/islam-al-andalus\/","url":"https:\/\/racodelacalma.com\/inici\/temaris-de-secundaria\/edat-mitjana-i-moderna\/islam-al-andalus\/","name":"El surgimiento del Islam y la creaci\u00f3n de al-Andalus - Rinc\u00f3n de la calma","isPartOf":{"@id":"https:\/\/racodelacalma.com\/inici\/#website"},"primaryImageOfPage":{"@id":"https:\/\/racodelacalma.com\/inici\/temaris-de-secundaria\/edat-mitjana-i-moderna\/islam-al-andalus\/#primaryimage"},"image":{"@id":"https:\/\/racodelacalma.com\/inici\/temaris-de-secundaria\/edat-mitjana-i-moderna\/islam-al-andalus\/#primaryimage"},"thumbnailUrl":"https:\/\/racodelacalma.com\/wp-content\/uploads\/2024\/05\/country-house-vegetable-garden-tomatoes-2699713.jpg","datePublished":"2024-05-06T17:10:18+00:00","dateModified":"2024-05-12T13:46:20+00:00","description":"El surgimiento de la tercera religi\u00f3n monote\u00edsta, el Islam, inici\u00f3 un gran imperio que en la Pen\u00ednsula se concret\u00f3 en Al-\u00c1ndalus.","breadcrumb":{"@id":"https:\/\/racodelacalma.com\/inici\/temaris-de-secundaria\/edat-mitjana-i-moderna\/islam-al-andalus\/#breadcrumb"},"inLanguage":"es","potentialAction":[{"@type":"ReadAction","target":["https:\/\/racodelacalma.com\/inici\/temaris-de-secundaria\/edat-mitjana-i-moderna\/islam-al-andalus\/"]}]},{"@type":"ImageObject","inLanguage":"es","@id":"https:\/\/racodelacalma.com\/inici\/temaris-de-secundaria\/edat-mitjana-i-moderna\/islam-al-andalus\/#primaryimage","url":"https:\/\/racodelacalma.com\/wp-content\/uploads\/2024\/05\/country-house-vegetable-garden-tomatoes-2699713.jpg","contentUrl":"https:\/\/racodelacalma.com\/wp-content\/uploads\/2024\/05\/country-house-vegetable-garden-tomatoes-2699713.jpg"},{"@type":"BreadcrumbList","@id":"https:\/\/racodelacalma.com\/inici\/temaris-de-secundaria\/edat-mitjana-i-moderna\/islam-al-andalus\/#breadcrumb","itemListElement":[{"@type":"ListItem","position":1,"name":"Home","item":"https:\/\/racodelacalma.com\/inici\/"},{"@type":"ListItem","position":2,"name":"Temaris de secund\u00e0ria","item":"https:\/\/racodelacalma.com\/inici\/temaris-de-secundaria\/"},{"@type":"ListItem","position":3,"name":"Edat Mitjana i Moderna","item":"https:\/\/racodelacalma.com\/inici\/temaris-de-secundaria\/edat-mitjana-i-moderna\/"},{"@type":"ListItem","position":4,"name":"El sorgiment de l&#8217;Islam i la creaci\u00f3 d&#8217;al Andalus"}]},{"@type":"WebSite","@id":"https:\/\/racodelacalma.com\/inici\/#website","url":"https:\/\/racodelacalma.com\/inici\/","name":"Rac\u00f3 de la calma","description":"Un espacio para reflexionar sobre educaci\u00f3n inclusiva y donde encontrar\u00e1s materiales, juegos, ideas para trabajar desde infantil hasta secundaria... \u00a1Y mucho m\u00e1s!","publisher":{"@id":"https:\/\/racodelacalma.com\/inici\/#\/schema\/person\/c2b2f8c57428e873bc2e91f3d6c0abd2"},"alternateName":"racodelacalma","potentialAction":[{"@type":"SearchAction","target":{"@type":"EntryPoint","urlTemplate":"https:\/\/racodelacalma.com\/inici\/?s={search_term_string}"},"query-input":{"@type":"PropertyValueSpecification","valueRequired":true,"valueName":"search_term_string"}}],"inLanguage":"es"},{"@type":["Person","Organization"],"@id":"https:\/\/racodelacalma.com\/inici\/#\/schema\/person\/c2b2f8c57428e873bc2e91f3d6c0abd2","name":"administrador","image":{"@type":"ImageObject","inLanguage":"es","@id":"https:\/\/racodelacalma.com\/wp-content\/uploads\/2026\/04\/Diseno-sin-titulo.png","url":"https:\/\/racodelacalma.com\/wp-content\/uploads\/2026\/04\/Diseno-sin-titulo.png","contentUrl":"https:\/\/racodelacalma.com\/wp-content\/uploads\/2026\/04\/Diseno-sin-titulo.png","width":1536,"height":1024,"caption":"admin"},"logo":{"@id":"https:\/\/racodelacalma.com\/wp-content\/uploads\/2026\/04\/Diseno-sin-titulo.png"},"sameAs":["https:\/\/racodelacalma.com","https:\/\/es.pinterest.com\/racodelacalma10\/","https:\/\/www.youtube.com\/@racodelacalma"]}]}},"_links":{"self":[{"href":"https:\/\/racodelacalma.com\/inici\/es\/wp-json\/wp\/v2\/pages\/2808","targetHints":{"allow":["GET"]}}],"collection":[{"href":"https:\/\/racodelacalma.com\/inici\/es\/wp-json\/wp\/v2\/pages"}],"about":[{"href":"https:\/\/racodelacalma.com\/inici\/es\/wp-json\/wp\/v2\/types\/page"}],"author":[{"embeddable":true,"href":"https:\/\/racodelacalma.com\/inici\/es\/wp-json\/wp\/v2\/users\/1"}],"replies":[{"embeddable":true,"href":"https:\/\/racodelacalma.com\/inici\/es\/wp-json\/wp\/v2\/comments?post=2808"}],"version-history":[{"count":37,"href":"https:\/\/racodelacalma.com\/inici\/es\/wp-json\/wp\/v2\/pages\/2808\/revisions"}],"predecessor-version":[{"id":2877,"href":"https:\/\/racodelacalma.com\/inici\/es\/wp-json\/wp\/v2\/pages\/2808\/revisions\/2877"}],"up":[{"embeddable":true,"href":"https:\/\/racodelacalma.com\/inici\/es\/wp-json\/wp\/v2\/pages\/1872"}],"wp:attachment":[{"href":"https:\/\/racodelacalma.com\/inici\/es\/wp-json\/wp\/v2\/media?parent=2808"}],"curies":[{"name":"wp","href":"https:\/\/api.w.org\/{rel}","templated":true}]}}